{"id":1074,"date":"2024-09-17T13:02:02","date_gmt":"2024-09-17T13:02:02","guid":{"rendered":"http:\/\/a.alcg.eu\/?page_id=1074"},"modified":"2025-06-13T14:28:29","modified_gmt":"2025-06-13T14:28:29","slug":"datenschutzerklarung","status":"publish","type":"page","link":"https:\/\/alcg.eu\/en\/datenschutzerklarung\/","title":{"rendered":"Privacy Policy"},"content":{"rendered":"<div data-elementor-type=\"wp-page\" data-elementor-id=\"1074\" class=\"elementor elementor-1074\" data-elementor-post-type=\"page\">\n\t\t\t\t<div data-particle_enable=\"false\" data-particle-mobile-disabled=\"false\" class=\"elementor-element elementor-element-805d460 e-con-full e-flex e-con e-parent\" data-id=\"805d460\" data-element_type=\"container\" data-e-type=\"container\" data-settings=\"{&quot;background_background&quot;:&quot;classic&quot;}\">\n\t\t\t\t<\/div>\n\t\t<div data-particle_enable=\"false\" data-particle-mobile-disabled=\"false\" class=\"elementor-element elementor-element-3e2befb e-flex e-con-boxed e-con e-parent\" data-id=\"3e2befb\" data-element_type=\"container\" data-e-type=\"container\">\n\t\t\t\t\t<div class=\"e-con-inner\">\n\t\t\t\t<div class=\"elementor-element elementor-element-3edd60a elementor-widget elementor-widget-heading\" data-id=\"3edd60a\" data-element_type=\"widget\" data-e-type=\"widget\" data-widget_type=\"heading.default\">\n\t\t\t\t<div class=\"elementor-widget-container\">\n\t\t\t\t\t<h1 class=\"elementor-heading-title elementor-size-default\">Privacy Policy<\/h1>\t\t\t\t<\/div>\n\t\t\t\t<\/div>\n\t\t\t\t\t<\/div>\n\t\t\t\t<\/div>\n\t\t<div data-particle_enable=\"false\" data-particle-mobile-disabled=\"false\" class=\"elementor-element elementor-element-da3c45b e-flex e-con-boxed e-con e-parent\" data-id=\"da3c45b\" data-element_type=\"container\" data-e-type=\"container\">\n\t\t\t\t\t<div class=\"e-con-inner\">\n\t\t<div data-particle_enable=\"false\" data-particle-mobile-disabled=\"false\" class=\"elementor-element elementor-element-0ad97be e-con-full e-flex e-con e-child\" data-id=\"0ad97be\" data-element_type=\"container\" data-e-type=\"container\">\n\t\t\t\t<div class=\"elementor-element elementor-element-def2c82 elementor-widget elementor-widget-n-accordion\" data-id=\"def2c82\" data-element_type=\"widget\" data-e-type=\"widget\" data-settings=\"{&quot;default_state&quot;:&quot;all_collapsed&quot;,&quot;max_items_expended&quot;:&quot;one&quot;,&quot;n_accordion_animation_duration&quot;:{&quot;unit&quot;:&quot;ms&quot;,&quot;size&quot;:400,&quot;sizes&quot;:[]}}\" data-widget_type=\"nested-accordion.default\">\n\t\t\t\t<div class=\"elementor-widget-container\">\n\t\t\t\t\t\t\t<div class=\"e-n-accordion\" aria-label=\"Accordion. Open links with Enter or Space, close with Escape, and navigate with Arrow Keys\">\n\t\t\t\t\t\t<details id=\"e-n-accordion-item-2330\" class=\"e-n-accordion-item\" >\n\t\t\t\t<summary class=\"e-n-accordion-item-title\" data-accordion-index=\"1\" tabindex=\"0\" aria-expanded=\"false\" aria-controls=\"e-n-accordion-item-2330\" >\n\t\t\t\t\t<span class='e-n-accordion-item-title-header'><div class=\"e-n-accordion-item-title-text\"> Website <\/div><\/span>\n\t\t\t\t\t\t\t<span class='e-n-accordion-item-title-icon'>\n\t\t\t<span class='e-opened' ><svg aria-hidden=\"true\" class=\"e-font-icon-svg e-fas-minus\" viewbox=\"0 0 448 512\" xmlns=\"http:\/\/www.w3.org\/2000\/svg\"><path d=\"M416 208H32c-17.67 0-32 14.33-32 32v32c0 17.67 14.33 32 32 32h384c17.67 0 32-14.33 32-32v-32c0-17.67-14.33-32-32-32z\"><\/path><\/svg><\/span>\n\t\t\t<span class='e-closed'><svg aria-hidden=\"true\" class=\"e-font-icon-svg e-fas-plus\" viewbox=\"0 0 448 512\" xmlns=\"http:\/\/www.w3.org\/2000\/svg\"><path d=\"M416 208H272V64c0-17.67-14.33-32-32-32h-32c-17.67 0-32 14.33-32 32v144H32c-17.67 0-32 14.33-32 32v32c0 17.67 14.33 32 32 32h144v144c0 17.67 14.33 32 32 32h32c17.67 0 32-14.33 32-32V304h144c17.67 0 32-14.33 32-32v-32c0-17.67-14.33-32-32-32z\"><\/path><\/svg><\/span>\n\t\t<\/span>\n\n\t\t\t\t\t\t<\/summary>\n\t\t\t\t<div data-particle_enable=\"false\" data-particle-mobile-disabled=\"false\" role=\"region\" aria-labelledby=\"e-n-accordion-item-2330\" class=\"elementor-element elementor-element-4c88f30 e-con-full e-flex e-con e-child\" data-id=\"4c88f30\" data-element_type=\"container\" data-e-type=\"container\">\n\t\t<div data-particle_enable=\"false\" data-particle-mobile-disabled=\"false\" role=\"region\" aria-labelledby=\"e-n-accordion-item-2330\" class=\"elementor-element elementor-element-4e4307e e-flex e-con-boxed e-con e-child\" data-id=\"4e4307e\" data-element_type=\"container\" data-e-type=\"container\">\n\t\t\t\t\t<div class=\"e-con-inner\">\n\t\t\t\t<div class=\"elementor-element elementor-element-05b4198 elementor-widget elementor-widget-heading\" data-id=\"05b4198\" data-element_type=\"widget\" data-e-type=\"widget\" data-widget_type=\"heading.default\">\n\t\t\t\t<div class=\"elementor-widget-container\">\n\t\t\t\t\t<h3 class=\"elementor-heading-title elementor-size-default\">Einleitung<\/h3>\t\t\t\t<\/div>\n\t\t\t\t<\/div>\n\t\t\t\t\t<\/div>\n\t\t\t\t<\/div>\n\t\t\t\t<div class=\"elementor-element elementor-element-2fd2824 elementor-widget elementor-widget-text-editor\" data-id=\"2fd2824\" data-element_type=\"widget\" data-e-type=\"widget\" data-widget_type=\"text-editor.default\">\n\t\t\t\t<div class=\"elementor-widget-container\">\n\t\t\t\t\t\t\t\t\t<p>Wir freuen uns \u00fcber Ihr Interesse am Ariane Holding GmbH (nachfolgend \u201e<strong>Wir<\/strong>\u201c, \u201e<strong>Uns<\/strong>\u201c) und dar\u00fcber, dass Sie unsere Website besuchen.<\/p><p>Mit den nachfolgend dargestellten Informationen geben wir Ihnen einen \u00dcberblick \u00fcber die Verarbeitung Ihrer personenbezogenen Daten auf unserer Webseite: <a href=\"https:\/\/ariana-holding.de\/\">ariana-holding.de<\/a> (nachfolgend \u201e<strong>Webseite<\/strong>\u201c) sowie dazugeh\u00f6rige Online-Pr\u00e4senzen.<\/p><p>Wir wollen Sie ebenfalls \u00fcber Ihre Rechte aus den Datenschutzgesetzen informieren. Die Verarbeitung Ihrer personenbezogenen Daten durch uns erfolgt stets im Einklang mit der Datenschutzgrundverordnung (nachfolgend \u201e<strong>DSGVO<\/strong>\u201c), dem Gesetz \u00fcber den Datenschutz und den Schutz der Privatsph\u00e4re in der Telekommunikation und bei Telemedien (nachfolgend \u201e<strong>TTDSG<\/strong>\u201c) sowie allen geltenden landesspezifischen Datenschutzbestimmungen.<\/p>\t\t\t\t\t\t\t\t<\/div>\n\t\t\t\t<\/div>\n\t\t\t\t<div class=\"elementor-element elementor-element-bd95b2a elementor-widget elementor-widget-heading\" data-id=\"bd95b2a\" data-element_type=\"widget\" data-e-type=\"widget\" data-widget_type=\"heading.default\">\n\t\t\t\t<div class=\"elementor-widget-container\">\n\t\t\t\t\t<h3 class=\"elementor-heading-title elementor-size-default\">1. Verantwortlichkeit<\/h3>\t\t\t\t<\/div>\n\t\t\t\t<\/div>\n\t\t\t\t<div class=\"elementor-element elementor-element-7fd160e elementor-widget elementor-widget-text-editor\" data-id=\"7fd160e\" data-element_type=\"widget\" data-e-type=\"widget\" data-widget_type=\"text-editor.default\">\n\t\t\t\t<div class=\"elementor-widget-container\">\n\t\t\t\t\t\t\t\t\t<p>Verantwortlich im Sinne der DSGVO ist die<\/p><p><a name=\"_Toc88658903\"><\/a><a name=\"_Toc88659171\"><\/a><a name=\"_Toc90910484\"><\/a>Ariana Holding GmbH<br \/>Unterer M\u00fchlweg 10<br \/>93133 Burglengenfeld<br \/>Deutschland<br \/>Tel +49 9471 606 330 0<br \/>E-Mail: info(at)alcg.eu<\/p>\t\t\t\t\t\t\t\t<\/div>\n\t\t\t\t<\/div>\n\t\t\t\t<div class=\"elementor-element elementor-element-104f30e elementor-widget elementor-widget-heading\" data-id=\"104f30e\" data-element_type=\"widget\" data-e-type=\"widget\" data-widget_type=\"heading.default\">\n\t\t\t\t<div class=\"elementor-widget-container\">\n\t\t\t\t\t<h3 class=\"elementor-heading-title elementor-size-default\">2. Datenschutzbeauftragter<\/h3>\t\t\t\t<\/div>\n\t\t\t\t<\/div>\n\t\t\t\t<div class=\"elementor-element elementor-element-b2b57e5 elementor-widget elementor-widget-text-editor\" data-id=\"b2b57e5\" data-element_type=\"widget\" data-e-type=\"widget\" data-widget_type=\"text-editor.default\">\n\t\t\t\t<div class=\"elementor-widget-container\">\n\t\t\t\t\t\t\t\t\t<p>Unsere Datenschutzbeauftragten erreichen Sie wie folgt:<\/p><p>Niklas Hanitsch, secjur GmbH<br \/>Steinh\u00f6ft 9<br \/>20459 Hamburg<br \/>Deutschland<br \/>Telefon: +49 40 228 599 520<br \/>E-Mail: dsb(at)secjur.com<\/p><p>Sie k\u00f6nnen sich jederzeit bei allen Fragen und Anregungen zum Datenschutz sowie zur Aus\u00fcbung Ihrer Rechte direkt an unseren Datenschutzbeauftragten wenden.<\/p>\t\t\t\t\t\t\t\t<\/div>\n\t\t\t\t<\/div>\n\t\t\t\t<div class=\"elementor-element elementor-element-31fbb43 elementor-widget elementor-widget-heading\" data-id=\"31fbb43\" data-element_type=\"widget\" data-e-type=\"widget\" data-widget_type=\"heading.default\">\n\t\t\t\t<div class=\"elementor-widget-container\">\n\t\t\t\t\t<h3 class=\"elementor-heading-title elementor-size-default\">3. Begriffsbestimmung<\/h3>\t\t\t\t<\/div>\n\t\t\t\t<\/div>\n\t\t\t\t<div class=\"elementor-element elementor-element-b1a8810 elementor-widget elementor-widget-text-editor\" data-id=\"b1a8810\" data-element_type=\"widget\" data-e-type=\"widget\" data-widget_type=\"text-editor.default\">\n\t\t\t\t<div class=\"elementor-widget-container\">\n\t\t\t\t\t\t\t\t\t<p>Diese Datenschutzerkl\u00e4rung beruht auf den Begrifflichkeiten der DSGVO. Zur Vereinfachung m\u00f6chten wir Ihnen einige in diesem Zusammenhang wichtige Begriffe n\u00e4her erl\u00e4utern:<\/p><ul><li><strong>Personenbezogene Daten<\/strong>: Personenbezogene Daten sind alle Informationen, die sich auf eine identifizierte oder identifizierbare nat\u00fcrliche Person beziehen. Als identifizierbar wird eine nat\u00fcrliche Person angesehen, die direkt oder indirekt, insbesondere mittels Zuordnung zu einer Kennung wie einem Namen, zu einer Kennnummer, zu Standortdaten, zu einer Online-Kennung oder zu einem oder mehreren besonderen Merkmalen, die Ausdruck der physischen, physiologischen, genetischen, psychischen, wirtschaftlichen, kulturellen oder sozialen Identit\u00e4t dieser nat\u00fcrlichen Person sind, identifiziert werden kann.<\/li><\/ul><ul><li><strong>Betroffene Person<\/strong>: Betroffene Person ist jede identifizierte oder identifizierbare nat\u00fcrliche Person, deren personenbezogene Daten, von dem f\u00fcr die Verarbeitung Verantwortlichen verarbeitet werden.<\/li><\/ul><ul><li><strong>Verarbeitung<\/strong>: Verarbeitung ist jeder mit oder ohne Hilfe automatisierter Verfahren ausgef\u00fchrte Vorgang oder jede solche Vorgangsreihe im Zusammenhang mit personenbezogenen Daten, wie das Erheben, das Erfassen, die Organisation, das Ordnen, die Speicherung, die Anpassung oder Ver\u00e4nderung, das Auslesen, das Abfragen, die Verwendung, die Offenlegung durch \u00dcbermittlung, Verbreitung oder eine andere Form der Bereitstellung, den Abgleich oder die Verkn\u00fcpfung, die Einschr\u00e4nkung, das L\u00f6schen oder die Vernichtung.<\/li><li><strong>Empf\u00e4nger<\/strong>: Empf\u00e4nger ist eine nat\u00fcrliche oder juristische Person, Beh\u00f6rde, Einrichtung oder andere Stelle, der personenbezogene Daten offengelegt werden, unabh\u00e4ngig davon, ob es sich bei ihr um einen Dritten handelt oder nicht. Beh\u00f6rden, die im Rahmen eines bestimmten Untersuchungsauftrags nach dem Unionsrecht oder dem Recht der Mitgliedstaaten m\u00f6glicherweise personenbezogene Daten erhalten, gelten jedoch nicht als Empf\u00e4nger.<\/li><li><strong>Dritter<\/strong>: Dritter ist eine nat\u00fcrliche oder juristische Person, Beh\u00f6rde, Einrichtung oder andere Stelle au\u00dfer der betroffenen Person, dem Verantwortlichen, dem Auftragsverarbeiter und den Personen, die unter der unmittelbaren Verantwortung des Verantwortlichen oder des Auftragsverarbeiters befugt sind, die personenbezogenen Daten zu verarbeiten.<\/li><li><strong>Einwilligung<\/strong>: Einwilligung ist jede von der betroffenen Person freiwillig f\u00fcr den bestimmten Fall in informierter Weise und unmissverst\u00e4ndlich abgegebene Willensbekundung in Form einer Erkl\u00e4rung oder einer sonstigen eindeutigen best\u00e4tigenden Handlung, mit der die betroffene Person zu verstehen gibt, dass Sie mit der Verarbeitung der Sie betreffenden personenbezogenen Daten einverstanden ist.<\/li><\/ul>\t\t\t\t\t\t\t\t<\/div>\n\t\t\t\t<\/div>\n\t\t\t\t<div class=\"elementor-element elementor-element-3139a3b elementor-widget elementor-widget-heading\" data-id=\"3139a3b\" data-element_type=\"widget\" data-e-type=\"widget\" data-widget_type=\"heading.default\">\n\t\t\t\t<div class=\"elementor-widget-container\">\n\t\t\t\t\t<h3 class=\"elementor-heading-title elementor-size-default\">4. Herkunft der personenbezogenen Daten<\/h3>\t\t\t\t<\/div>\n\t\t\t\t<\/div>\n\t\t\t\t<div class=\"elementor-element elementor-element-fa59034 elementor-widget elementor-widget-text-editor\" data-id=\"fa59034\" data-element_type=\"widget\" data-e-type=\"widget\" data-widget_type=\"text-editor.default\">\n\t\t\t\t<div class=\"elementor-widget-container\">\n\t\t\t\t\t\t\t\t\t<p>Wir k\u00f6nnen personenbezogene Daten auf die folgende Art und Weise erhalten:<\/p>\t\t\t\t\t\t\t\t<\/div>\n\t\t\t\t<\/div>\n\t\t\t\t<div class=\"elementor-element elementor-element-c67f7b6 elementor-widget elementor-widget-heading\" data-id=\"c67f7b6\" data-element_type=\"widget\" data-e-type=\"widget\" data-widget_type=\"heading.default\">\n\t\t\t\t<div class=\"elementor-widget-container\">\n\t\t\t\t\t<h4 class=\"elementor-heading-title elementor-size-default\">4.1 Durch Sie angegebene Informationen<\/h4>\t\t\t\t<\/div>\n\t\t\t\t<\/div>\n\t\t\t\t<div class=\"elementor-element elementor-element-fbdbd6b elementor-widget elementor-widget-text-editor\" data-id=\"fbdbd6b\" data-element_type=\"widget\" data-e-type=\"widget\" data-widget_type=\"text-editor.default\">\n\t\t\t\t<div class=\"elementor-widget-container\">\n\t\t\t\t\t\t\t\t\t<p>Auf unserer Webseite haben Sie die M\u00f6glichkeit, Informationen wie Ihren Namen, Ihre E-Mail-Adresse, Telefonnummer und andere Kontaktdaten anzugeben. Diese Daten werden verwendet, um Ihre Anfragen zu bearbeiten, Ihnen Informationen zur Verf\u00fcgung zu stellen, die Sie angefordert haben, und um die Kommunikation mit Ihnen zu erleichern, z.B. bei Nutzung eines Kontaktformulars oder bei Anmeldung zu einem Newsletter.<\/p>\t\t\t\t\t\t\t\t<\/div>\n\t\t\t\t<\/div>\n\t\t\t\t<div class=\"elementor-element elementor-element-8fb062e elementor-widget elementor-widget-heading\" data-id=\"8fb062e\" data-element_type=\"widget\" data-e-type=\"widget\" data-widget_type=\"heading.default\">\n\t\t\t\t<div class=\"elementor-widget-container\">\n\t\t\t\t\t<h4 class=\"elementor-heading-title elementor-size-default\">4.2 Automatisch erhobene und generierte Daten<\/h4>\t\t\t\t<\/div>\n\t\t\t\t<\/div>\n\t\t\t\t<div class=\"elementor-element elementor-element-b562a3e elementor-widget elementor-widget-text-editor\" data-id=\"b562a3e\" data-element_type=\"widget\" data-e-type=\"widget\" data-widget_type=\"text-editor.default\">\n\t\t\t\t<div class=\"elementor-widget-container\">\n\t\t\t\t\t\t\t\t\t<p>Bei der Nutzung unserer Webseite werden automatisch Daten erhoben, die Ihr Browser an unseren Server \u00fcbermittelt. Diese beinhalten:<\/p><p>IP-Adresse: Zur Fehlerdiagnose und Sicherstellung der Netzwerksicherheit.<\/p><p>Browsertyp und -version: Um die Webseite f\u00fcr verschiedene Browser zu optimieren.<\/p><p>Betriebssystem: Zur Verbesserung der Benutzererfahrung durch Anpassung der Inhalte.<\/p><p>Referrer-URL: Zur Analyse, welche Webseiten auf unsere verweisen.<\/p><p>Datum und Uhrzeit des Zugriffs: F\u00fcr Protokollierungs- und Analysezwecke, um die Nutzungsmuster zu verstehen.<\/p><p>Besuchte Seiten und Klickverhalten: Zur Verbesserung und Personalisierung unseres Angebots.<\/p>\t\t\t\t\t\t\t\t<\/div>\n\t\t\t\t<\/div>\n\t\t\t\t<div class=\"elementor-element elementor-element-c8a4c42 elementor-widget elementor-widget-heading\" data-id=\"c8a4c42\" data-element_type=\"widget\" data-e-type=\"widget\" data-widget_type=\"heading.default\">\n\t\t\t\t<div class=\"elementor-widget-container\">\n\t\t\t\t\t<h4 class=\"elementor-heading-title elementor-size-default\">4.3 Durch Dritte erhobene Daten<\/h4>\t\t\t\t<\/div>\n\t\t\t\t<\/div>\n\t\t\t\t<div class=\"elementor-element elementor-element-5594a91 elementor-widget elementor-widget-text-editor\" data-id=\"5594a91\" data-element_type=\"widget\" data-e-type=\"widget\" data-widget_type=\"text-editor.default\">\n\t\t\t\t<div class=\"elementor-widget-container\">\n\t\t\t\t\t\t\t\t\t<p>Wir k\u00f6nnen auch Daten \u00fcber Sie erhalten, wenn Sie unsere Pr\u00e4senzen auf sozialen und beruflichen Netzwerken nutzen, wie LinkedIn, Facebook oder Twitter. Dazu geh\u00f6ren:<\/p><p>Profilinformationen: Wenn Sie unsere Inhalte liken, teilen oder kommentieren.<\/p><p>Kontaktdaten: Falls Sie uns \u00fcber diese Plattformen kontaktieren.<\/p><p>Interaktionsdaten: Um die Effektivit\u00e4t unserer Social-Media-Pr\u00e4senz zu messen und unsere Inhalte entsprechend anzupassen.<\/p><p>Diese Informationen helfen uns, unsere Dienstleistungen zu verbessern, Ihnen relevante Inhalte bereitzustellen und unsere Reichweite auf diesen Plattformen zu erh\u00f6hen. <\/p>\t\t\t\t\t\t\t\t<\/div>\n\t\t\t\t<\/div>\n\t\t\t\t<div class=\"elementor-element elementor-element-0520a61 elementor-widget elementor-widget-heading\" data-id=\"0520a61\" data-element_type=\"widget\" data-e-type=\"widget\" data-widget_type=\"heading.default\">\n\t\t\t\t<div class=\"elementor-widget-container\">\n\t\t\t\t\t<h3 class=\"elementor-heading-title elementor-size-default\">5. Umfang, Zweck, Rechtsgrundlage, Speicherdauer sowie gegebenenfalls Empf\u00e4nger und Drittland\u00fcbermittlung der jeweiligen Verarbeitung von personenbezogenen Daten. <\/h3>\t\t\t\t<\/div>\n\t\t\t\t<\/div>\n\t\t\t\t<div class=\"elementor-element elementor-element-25c753a elementor-widget elementor-widget-heading\" data-id=\"25c753a\" data-element_type=\"widget\" data-e-type=\"widget\" data-widget_type=\"heading.default\">\n\t\t\t\t<div class=\"elementor-widget-container\">\n\t\t\t\t\t<h4 class=\"elementor-heading-title elementor-size-default\">5.1 Allgemeine Informationen<\/h4>\t\t\t\t<\/div>\n\t\t\t\t<\/div>\n\t\t\t\t<div class=\"elementor-element elementor-element-de48b45 elementor-widget elementor-widget-text-editor\" data-id=\"de48b45\" data-element_type=\"widget\" data-e-type=\"widget\" data-widget_type=\"text-editor.default\">\n\t\t\t\t<div class=\"elementor-widget-container\">\n\t\t\t\t\t\t\t\t\t<p>Im Folgenden geben wir Ihnen einen \u00dcberblick, welche personenbezogenen Daten wir verarbeiten. Hierf\u00fcr stellen wir dar, in welchem Umfang, zu welchen Zwecken und auf Basis welcher Rechtsgrundlage wir personenbezogene Daten verarbeiten. Zudem geben wir an \u2013 sofern vorhanden \u2013, welche Drittanbieter wir einsetzen, die Ihre Daten empfangen.<\/p><p>Wir werden Ihre personenbezogenen Daten nicht ohne Ihre Zustimmung an Dritte weitergeben, es sei denn, dies ist gesetzlich erlaubt (z.B., weil dies zur Durchf\u00fchrung des Vertrages erforderlich ist).<\/p><p>Unsere Website verwendet das Content-Management-System WordPress sowie das Plugin Elementor zur Gestaltung und Optimierung der Inhalte. Elementor kann bei der Nutzung unserer Website personenbezogene Daten verarbeiten, z. B. durch die Einbindung von Formularen, Google Fonts oder externen Inhalten wie Videos und Karten. Dabei k\u00f6nnen Daten, einschlie\u00dflich Ihrer IP-Adresse, an Drittanbieter (z. B. Google) \u00fcbermittelt werden. Die Rechtsgrundlage hierf\u00fcr ist Ihre Einwilligung gem\u00e4\u00df Art. 6 Abs. 1 lit. a DSGVO, die Sie jederzeit widerrufen k\u00f6nnen. Weitere Informationen finden Sie in den Datenschutzbestimmungen von Elementor (https:\/\/elementor.com\/about\/privacy\/) und Google (https:\/\/policies.google.com\/privacy).<\/p><p>Die Verarbeitung Ihrer personenbezogenen Daten basieren kann insbesondere auf folgenden Rechtsgrundlagen basieren:<\/p><ul><li>Art. 6 Abs. 1 S. 1 lit. a) DSGVO dient uns als Rechtsgrundlage f\u00fcr Verarbeitungsvorg\u00e4nge, bei denen wir eine Einwilligung f\u00fcr eine bestimmte Verarbeitung einholen.<\/li><li>Ist die Verarbeitung personenbezogener Daten zur Erf\u00fcllung eines Vertrags, dessen Vertragspartei Sie sind, erforderlich, so beruht die Verarbeitung auf Art. 6 Abs. 1 S. 1 lit. b) DSGVO. Gleiches gilt f\u00fcr solche Verarbeitungsvorg\u00e4nge, die zur Durchf\u00fchrung vorvertraglicher Ma\u00dfnahmen erforderlich sind.<\/li><li>Unterliegen wir einer rechtlichen Verpflichtung, durch welche eine Verarbeitung von personenbezogenen Daten erforderlich wird, so basiert die Verarbeitung auf Art. 6 Abs. 1 S. 1 lit. c) DSGVO.<\/li><li>Ferner k\u00f6nnen Verarbeitungsvorg\u00e4nge auf Art. 6 Abs. 1 S. 1 lit. f) DSGVO beruhen. Auf dieser Rechtsgrundlage basieren Verarbeitungsvorg\u00e4nge, wenn die Verarbeitung zur Wahrung eines berechtigten Interesses von uns erforderlich ist, sofern die Interessen, Grundrechte und Grundfreiheiten des Betroffenen nicht \u00fcberwiegen.<\/li><\/ul><p>Soweit wir personenbezogene Daten zur Verarbeitung in ein Drittland \u00fcbermitteln, stellen wir die Einhaltung von Art. 44 ff. DSGVO sicher, d.h. dass wir vor jeder Weitergabe von personenbezogenen Daten an Dritte in einem Land au\u00dferhalb des Europ\u00e4ischen Wirtschaftsraums (\u201e<strong>EWR<\/strong>\u201c) pr\u00fcfen, ob ein angemessenes Schutzniveau sichergestellt ist. Dies kann gew\u00e4hrleistet sein durch einen Angemessenheitsbeschluss der EU-Kommission oder durch geeignete Garantien wie Standardvertragsklauseln gem\u00e4\u00df Art. 46 DSGVO. Derzeit sind von unseren Daten\u00fcbermittlungen insbesondere folgende L\u00e4nder betroffen: <strong>USA und Israel.<\/strong> Wir stellen die Einhaltung der Anforderungen nach Art. 44 ff. DSGVO sicher, insbesondere durch den Einsatz von Standardvertragsklauseln gem\u00e4\u00df Art. 46 DSGVO oder durch die Nutzung von Diensten, die durch einen Angemessenheitsbeschluss der EU-Kommission abgedeckt sind.<\/p>\t\t\t\t\t\t\t\t<\/div>\n\t\t\t\t<\/div>\n\t\t\t\t<div class=\"elementor-element elementor-element-3b4c9b7 elementor-widget elementor-widget-heading\" data-id=\"3b4c9b7\" data-element_type=\"widget\" data-e-type=\"widget\" data-widget_type=\"heading.default\">\n\t\t\t\t<div class=\"elementor-widget-container\">\n\t\t\t\t\t<h3 class=\"elementor-heading-title elementor-size-default\">6. Webseite im Allgemeinen<\/h3>\t\t\t\t<\/div>\n\t\t\t\t<\/div>\n\t\t\t\t<div class=\"elementor-element elementor-element-3a801fd elementor-widget elementor-widget-heading\" data-id=\"3a801fd\" data-element_type=\"widget\" data-e-type=\"widget\" data-widget_type=\"heading.default\">\n\t\t\t\t<div class=\"elementor-widget-container\">\n\t\t\t\t\t<h4 class=\"elementor-heading-title elementor-size-default\">6.1 SSL\/ TLS-Verschl\u00fcsselung<\/h4>\t\t\t\t<\/div>\n\t\t\t\t<\/div>\n\t\t\t\t<div class=\"elementor-element elementor-element-5272059 elementor-widget elementor-widget-text-editor\" data-id=\"5272059\" data-element_type=\"widget\" data-e-type=\"widget\" data-widget_type=\"text-editor.default\">\n\t\t\t\t<div class=\"elementor-widget-container\">\n\t\t\t\t\t\t\t\t\t<p>Zur Gew\u00e4hrleistung der Sicherheit der Datenverarbeitung und zum Schutz der \u00dcbertragung vertraulicher Inhalte nutzen wir eine SSL-bzw. TLS-Verschl\u00fcsselung. Sie erkennen das Vorhandensein einer verschl\u00fcsselten Verbindung daran, dass in der Adresszeile des Browsers statt einem \u201chttp:\/\/\u201d ein \u201chttps:\/\/\u201d steht sowie an dem Schloss-Symbol in Ihrer Browserzeile.<\/p>\t\t\t\t\t\t\t\t<\/div>\n\t\t\t\t<\/div>\n\t\t\t\t<div class=\"elementor-element elementor-element-2160653 elementor-widget elementor-widget-heading\" data-id=\"2160653\" data-element_type=\"widget\" data-e-type=\"widget\" data-widget_type=\"heading.default\">\n\t\t\t\t<div class=\"elementor-widget-container\">\n\t\t\t\t\t<h4 class=\"elementor-heading-title elementor-size-default\">6.2 Server-Logfiles<\/h4>\t\t\t\t<\/div>\n\t\t\t\t<\/div>\n\t\t\t\t<div class=\"elementor-element elementor-element-47b5b88 elementor-widget elementor-widget-heading\" data-id=\"47b5b88\" data-element_type=\"widget\" data-e-type=\"widget\" data-widget_type=\"heading.default\">\n\t\t\t\t<div class=\"elementor-widget-container\">\n\t\t\t\t\t<h5 class=\"elementor-heading-title elementor-size-default\">6.2.1 Umfang der Verarbeitung<\/h5>\t\t\t\t<\/div>\n\t\t\t\t<\/div>\n\t\t\t\t<div class=\"elementor-element elementor-element-9791f32 elementor-widget elementor-widget-text-editor\" data-id=\"9791f32\" data-element_type=\"widget\" data-e-type=\"widget\" data-widget_type=\"text-editor.default\">\n\t\t\t\t<div class=\"elementor-widget-container\">\n\t\t\t\t\t\t\t\t\t<p>Bei Besuch unserer Webseite werden automatisch Daten verarbeitet, die Ihr Browser an unseren Server \u00fcbermittelt. Diese allgemeinen Daten und Informationen werden in den Logfiles des Servers gespeichert (in sog. \u201eServer-Logfiles\u201c). Erfasst werden k\u00f6nnen<\/p><ul><li>Browsertyp und Browserversion<\/li><li>verwendetes Betriebssystem<\/li><li>Referrer URL (zuvor besuchte Webseite)<\/li><li>Hostname des zugreifenden Rechners<\/li><li>Datum und Uhrzeit der Serveranfrage<\/li><li>IP-Adresse<\/li><\/ul>\t\t\t\t\t\t\t\t<\/div>\n\t\t\t\t<\/div>\n\t\t\t\t<div class=\"elementor-element elementor-element-dc5c34c elementor-widget elementor-widget-heading\" data-id=\"dc5c34c\" data-element_type=\"widget\" data-e-type=\"widget\" data-widget_type=\"heading.default\">\n\t\t\t\t<div class=\"elementor-widget-container\">\n\t\t\t\t\t<h5 class=\"elementor-heading-title elementor-size-default\">6.2.2 Zweck der Verarbeitung<\/h5>\t\t\t\t<\/div>\n\t\t\t\t<\/div>\n\t\t\t\t<div class=\"elementor-element elementor-element-1f64f2f elementor-widget elementor-widget-text-editor\" data-id=\"1f64f2f\" data-element_type=\"widget\" data-e-type=\"widget\" data-widget_type=\"text-editor.default\">\n\t\t\t\t<div class=\"elementor-widget-container\">\n\t\t\t\t\t\t\t\t\t<p>Bei der Nutzung dieser Daten und Informationen ziehen wir keine R\u00fcckschl\u00fcsse auf Ihre Person. Zu den von uns verfolgten Zwecken geh\u00f6rt insbesondere:<\/p><ul><li>die Gew\u00e4hrleistung eines reibungslosen Verbindungsaufbaus der Webseite,<\/li><li>die Aufkl\u00e4rung von Missbrauchs- oder Betrugshandlungen,<\/li><li>Problemanalysen im Netzwerk, sowie<\/li><li>die Auswertung der Systemsicherheit und \u2011stabilit\u00e4t.<\/li><\/ul>\t\t\t\t\t\t\t\t<\/div>\n\t\t\t\t<\/div>\n\t\t\t\t<div class=\"elementor-element elementor-element-d131845 elementor-widget elementor-widget-heading\" data-id=\"d131845\" data-element_type=\"widget\" data-e-type=\"widget\" data-widget_type=\"heading.default\">\n\t\t\t\t<div class=\"elementor-widget-container\">\n\t\t\t\t\t<h5 class=\"elementor-heading-title elementor-size-default\">6.2.3 Rechtsgrundlage<\/h5>\t\t\t\t<\/div>\n\t\t\t\t<\/div>\n\t\t\t\t<div class=\"elementor-element elementor-element-e6e64b4 elementor-widget elementor-widget-text-editor\" data-id=\"e6e64b4\" data-element_type=\"widget\" data-e-type=\"widget\" data-widget_type=\"text-editor.default\">\n\t\t\t\t<div class=\"elementor-widget-container\">\n\t\t\t\t\t\t\t\t\t<p>Die Rechtsgrundlage f\u00fcr die Datenverarbeitung ist unser berechtigtes Interesse im Sinne des Art. 6 Abs. 1 S. 1 lit. f) DSGVO. Wir haben ein \u00fcberwiegendes berechtigtes Interesse daran, unser Angebot technisch einwandfrei anbieten zu k\u00f6nnen.<\/p>\t\t\t\t\t\t\t\t<\/div>\n\t\t\t\t<\/div>\n\t\t\t\t<div class=\"elementor-element elementor-element-c21d862 elementor-widget elementor-widget-heading\" data-id=\"c21d862\" data-element_type=\"widget\" data-e-type=\"widget\" data-widget_type=\"heading.default\">\n\t\t\t\t<div class=\"elementor-widget-container\">\n\t\t\t\t\t<h5 class=\"elementor-heading-title elementor-size-default\">6.2.4 Speicherdauer<\/h5>\t\t\t\t<\/div>\n\t\t\t\t<\/div>\n\t\t\t\t<div class=\"elementor-element elementor-element-3e7ab29 elementor-widget elementor-widget-heading\" data-id=\"3e7ab29\" data-element_type=\"widget\" data-e-type=\"widget\" data-widget_type=\"heading.default\">\n\t\t\t\t<div class=\"elementor-widget-container\">\n\t\t\t\t\t<h5 class=\"elementor-heading-title elementor-size-default\">6.2.5 Empf\u00e4nger personenbezogener Daten <\/h5>\t\t\t\t<\/div>\n\t\t\t\t<\/div>\n\t\t\t\t<div class=\"elementor-element elementor-element-20a888a elementor-widget elementor-widget-text-editor\" data-id=\"20a888a\" data-element_type=\"widget\" data-e-type=\"widget\" data-widget_type=\"text-editor.default\">\n\t\t\t\t<div class=\"elementor-widget-container\">\n\t\t\t\t\t\t\t\t\t<p>Die Logfiles werden aus Sicherheitsgr\u00fcnden (z.B. zur Aufkl\u00e4rung von Missbrauchs- oder Betrugshandlungen) f\u00fcr die Dauer von maximal 7 Tagen gespeichert und danach gel\u00f6scht. Daten, deren weitere Aufbewahrung zu Beweiszwecken erforderlich ist, werden bis zur endg\u00fcltigen Kl\u00e4rung der Angelegenheit aufbewahrt.<\/p>\t\t\t\t\t\t\t\t<\/div>\n\t\t\t\t<\/div>\n\t\t\t\t<div class=\"elementor-element elementor-element-48d1853 elementor-widget elementor-widget-text-editor\" data-id=\"48d1853\" data-element_type=\"widget\" data-e-type=\"widget\" data-widget_type=\"text-editor.default\">\n\t\t\t\t<div class=\"elementor-widget-container\">\n\t\t\t\t\t\t\t\t\t<p>Wir setzen folgende Dienstleister ein:<\/p><p><strong>dogado GmbH.<br \/><\/strong>Antonio-Segni-Stra\u00dfe 11<br \/>44263 Dortmund Deutschland<br \/><em>Hosting<\/em><\/p>\t\t\t\t\t\t\t\t<\/div>\n\t\t\t\t<\/div>\n\t\t\t\t<div class=\"elementor-element elementor-element-4c744e2 elementor-widget elementor-widget-heading\" data-id=\"4c744e2\" data-element_type=\"widget\" data-e-type=\"widget\" data-widget_type=\"heading.default\">\n\t\t\t\t<div class=\"elementor-widget-container\">\n\t\t\t\t\t<h5 class=\"elementor-heading-title elementor-size-default\">6.3 Social-Media-Verlinkungen<\/h5>\t\t\t\t<\/div>\n\t\t\t\t<\/div>\n\t\t\t\t<div class=\"elementor-element elementor-element-a59839e elementor-widget elementor-widget-text-editor\" data-id=\"a59839e\" data-element_type=\"widget\" data-e-type=\"widget\" data-widget_type=\"text-editor.default\">\n\t\t\t\t<div class=\"elementor-widget-container\">\n\t\t\t\t\t\t\t\t\t<p><strong>Umfang der Verarbeitung:<\/strong><br \/>Unsere Website verwendet keine Social-Media-Plugins, sondern lediglich Links zu unseren Profilen auf sozialen Netzwerken (z. B. Facebook, LinkedIn, Instagram). Wenn Sie auf einen solchen Link klicken, wird eine Verbindung zu den Servern des jeweiligen sozialen Netzwerks hergestellt. Dabei k\u00f6nnen personenbezogene Daten, wie Ihre IP-Adresse, Informationen \u00fcber Ihren Browser sowie die aufgerufene Seite, an das jeweilige soziale Netzwerk \u00fcbermittelt werden.<\/p><p><strong>Zweck der Verarbeitung:<\/strong><br \/>Die Links erm\u00f6glichen es Ihnen, unsere Social-Media-Profile aufzurufen und sich dort \u00fcber unsere Angebote zu informieren.<\/p><p><strong>Rechtsgrundlage:<\/strong><br \/>Die Verarbeitung Ihrer Daten erfolgt auf Grundlage unseres berechtigten Interesses gem. Art. 6 Abs. 1 lit. f) DSGVO, Ihnen unsere Inhalte auch \u00fcber soziale Netzwerke bereitzustellen.<\/p><p><strong>Weitere Informationen:<\/strong><br \/>Die Verarbeitung Ihrer personenbezogenen Daten durch das jeweilige soziale Netzwerk erfolgt gem\u00e4\u00df den Datenschutzrichtlinien des jeweiligen Anbieters. Weitere Informationen finden Sie in den Datenschutzhinweisen der sozialen Netzwerke:<\/p><ul><li>LinkedIn: <a href=\"https:\/\/www.linkedin.com\/legal\/privacy-policy\">https:\/\/www.linkedin.com\/legal\/privacy-policy<\/a><\/li><\/ul>\t\t\t\t\t\t\t\t<\/div>\n\t\t\t\t<\/div>\n\t\t\t\t<div class=\"elementor-element elementor-element-438b6e5 elementor-widget elementor-widget-heading\" data-id=\"438b6e5\" data-element_type=\"widget\" data-e-type=\"widget\" data-widget_type=\"heading.default\">\n\t\t\t\t<div class=\"elementor-widget-container\">\n\t\t\t\t\t<h3 class=\"elementor-heading-title elementor-size-default\">7. Einsatz von Cookies<\/h3>\t\t\t\t<\/div>\n\t\t\t\t<\/div>\n\t\t\t\t<div class=\"elementor-element elementor-element-e8fcadf elementor-widget elementor-widget-heading\" data-id=\"e8fcadf\" data-element_type=\"widget\" data-e-type=\"widget\" data-widget_type=\"heading.default\">\n\t\t\t\t<div class=\"elementor-widget-container\">\n\t\t\t\t\t<h4 class=\"elementor-heading-title elementor-size-default\">7.1 Allgemeine Informationen<\/h4>\t\t\t\t<\/div>\n\t\t\t\t<\/div>\n\t\t\t\t<div class=\"elementor-element elementor-element-a729d39 elementor-widget elementor-widget-text-editor\" data-id=\"a729d39\" data-element_type=\"widget\" data-e-type=\"widget\" data-widget_type=\"text-editor.default\">\n\t\t\t\t<div class=\"elementor-widget-container\">\n\t\t\t\t\t\t\t\t\t<p>Wir setzen auf unserer Webseite Cookies ein. Dabei handelt es sich um Dateien, die Ihr Browser automatisch erstellt und die auf Ihrem IT-System gespeichert werden, wenn Sie unsere Seite besuchen. In dem Cookie werden Informationen abgelegt, die sich jeweils im Zusammenhang mit dem spezifisch eingesetzten Endger\u00e4t ergeben.<\/p><p>Viele Cookies enthalten eine sogenannte Cookie-ID. Eine Cookie-ID ist eine eindeutige Kennung des Cookies. Sie besteht aus einer Zeichenfolge, durch welche Internetseiten und Server dem konkreten Internetbrowser zugeordnet werden k\u00f6nnen, in dem das Cookie gespeichert wurde. Dies erm\u00f6glicht es den besuchten Internetseiten und Servern, den individuellen Browser der betroffenen Person von anderen Internetbrowsern, die andere Cookies enthalten, zu unterscheiden. Ein bestimmter Internetbrowser kann \u00fcber die eindeutige Cookie-ID wiedererkannt und identifiziert werden.<\/p><p>Wenn Sie unsere Webseite bzw. eine Unterwebseite erstmalig besuchen und diese Cookies enth\u00e4lt, werden Ihnen \u201eDatenschutzeinstellungen\u201c angezeigt. Dort werden Sie \u00fcber die einzelnen Cookies, welche wir nutzen, informiert. Sie k\u00f6nnen sich zu jedem einzelnen Cookie hinsichtlich des Namens, des Anbieters, des Zwecks der Verarbeitung und der Speicherdauer informieren. Zudem k\u00f6nnen Sie es uns gestatten, nicht essenzielle Cookies einzusetzen und diese Entscheidung dort auf wieder r\u00fcckg\u00e4ngig machen.<\/p><p>In rechtlicher Hinsicht ist zwischen essenziellen und nicht essenziellen Cookies zu unterscheiden.<\/p><p>Weitere Informationen zu den eingesetzten Cookies finden Sie in unserer Cookie-Richtlinie: <a href=\"https:\/\/alcg.eu\/en\/cookie-richtlinie-eu\/\">https:\/\/alcg.eu\/cookie-richtlinie-eu\/<\/a><\/p>\t\t\t\t\t\t\t\t<\/div>\n\t\t\t\t<\/div>\n\t\t\t\t<div class=\"elementor-element elementor-element-c08a4cd elementor-widget elementor-widget-heading\" data-id=\"c08a4cd\" data-element_type=\"widget\" data-e-type=\"widget\" data-widget_type=\"heading.default\">\n\t\t\t\t<div class=\"elementor-widget-container\">\n\t\t\t\t\t<h4 class=\"elementor-heading-title elementor-size-default\">7.2 Essenzielle Cookies<\/h4>\t\t\t\t<\/div>\n\t\t\t\t<\/div>\n\t\t\t\t<div class=\"elementor-element elementor-element-4228793 elementor-widget elementor-widget-text-editor\" data-id=\"4228793\" data-element_type=\"widget\" data-e-type=\"widget\" data-widget_type=\"text-editor.default\">\n\t\t\t\t<div class=\"elementor-widget-container\">\n\t\t\t\t\t\t\t\t\t<p>Wir setzen essenzielle Cookies ein. Dabei handelt es sich um Cookies, die technisch erforderlich sind, um alle Funktionen unserer Webseite zur Verf\u00fcgung zu stellen. Die Rechtsgrundlage f\u00fcr die Datenverarbeitung ist unser berechtigtes Interesse im Sinne des Art. 6 Abs. 1 S. 1 lit. f) DSGVO. Wir haben ein \u00fcberwiegendes berechtigtes Interesse daran, unser Angebot technisch einwandfrei anbieten zu k\u00f6nnen. Die Rechtsgrundlage f\u00fcr die Verwendung von Cookies gegen\u00fcber unseren Vertragspartnern, die vertraglich von uns geschuldete Leistungen \u00fcber unsere Website in Anspruch nehmen, ist Art. 6 Abs. I lit. b) DSGVO, die Erbringung unserer vertraglichen Leistungen.<\/p>\t\t\t\t\t\t\t\t<\/div>\n\t\t\t\t<\/div>\n\t\t\t\t<div class=\"elementor-element elementor-element-dd6e0be elementor-widget elementor-widget-heading\" data-id=\"dd6e0be\" data-element_type=\"widget\" data-e-type=\"widget\" data-widget_type=\"heading.default\">\n\t\t\t\t<div class=\"elementor-widget-container\">\n\t\t\t\t\t<h4 class=\"elementor-heading-title elementor-size-default\">7.3 Google Analytics<\/h4>\t\t\t\t<\/div>\n\t\t\t\t<\/div>\n\t\t\t\t<div class=\"elementor-element elementor-element-4ddb278 elementor-widget elementor-widget-text-editor\" data-id=\"4ddb278\" data-element_type=\"widget\" data-e-type=\"widget\" data-widget_type=\"text-editor.default\">\n\t\t\t\t<div class=\"elementor-widget-container\">\n\t\t\t\t\t\t\t\t\t<p>Unsere Website verwendet Google Analytics, einen Webanalysedienst der <strong>Google Ireland Limited (\u201eGoogle\u201c)<\/strong>, Gordon House, Barrow Street, Dublin 4, Irland. Google Analytics verwendet Cookies, die eine Analyse der Benutzung der Website durch Sie erm\u00f6glichen. Die durch das Cookie erzeugten Informationen \u00fcber Ihre Benutzung dieser Website werden in der Regel an einen Server von Google in den USA \u00fcbertragen und dort gespeichert.<\/p><p>Wir haben auf dieser Website die <strong>IP-Anonymisierung aktiviert<\/strong> (\u201eanonymizeIp\u201c), sodass Ihre IP-Adresse von Google innerhalb der Mitgliedstaaten der Europ\u00e4ischen Union oder in anderen Vertragsstaaten des Abkommens \u00fcber den Europ\u00e4ischen Wirtschaftsraum zuvor gek\u00fcrzt wird. Nur in Ausnahmef\u00e4llen wird die volle IP-Adresse an einen Server von Google in den USA \u00fcbertragen und dort gek\u00fcrzt.<\/p><p><strong>Zweck der Verarbeitung:<\/strong><br \/>Google nutzt diese Informationen in unserem Auftrag, um Ihre Nutzung der Website auszuwerten, Reports \u00fcber die Website-Aktivit\u00e4ten zu erstellen und weitere mit der Website-Nutzung verbundene Dienstleistungen f\u00fcr uns zu erbringen.<\/p><p><strong>Rechtsgrundlage:<\/strong><br \/>Die Speicherung von Google-Analytics-Cookies und der Zugriff auf Informationen erfolgt auf Grundlage Ihrer Einwilligung gem\u00e4\u00df <strong>Art. 6 Abs. 1 lit. a DSGVO<\/strong> und <strong>\u00a7 25 Abs. 1 TTDSG<\/strong>. Sie k\u00f6nnen Ihre Einwilligung jederzeit \u00fcber unser <strong>Cookie-Banner<\/strong> widerrufen.<\/p><p><strong>Speicherdauer &amp; Drittland\u00fcbermittlung:<\/strong><br \/>Die gesammelten Daten werden f\u00fcr <strong>14 Monate gespeichert<\/strong> und danach automatisch gel\u00f6scht. Eine Daten\u00fcbermittlung in die USA erfolgt auf Basis der <strong>Standardvertragsklauseln der EU-Kommission (SCCs)<\/strong>.<\/p><p><strong>Deaktivierung von Google Analytics:<\/strong><br \/>Sie k\u00f6nnen die Speicherung der Cookies durch eine entsprechende Einstellung Ihrer Browser-Software verhindern. Dar\u00fcber hinaus k\u00f6nnen Sie die Erfassung der durch das Cookie erzeugten Daten (inkl. Ihrer IP-Adresse) durch Google sowie die Verarbeitung dieser Daten verhindern, indem Sie das <strong>Google Analytics Opt-Out-Browser-Add-on<\/strong> herunterladen und installieren:<br \/>\ud83d\udd17 <a target=\"_new\" rel=\"noopener\">https:\/\/tools.google.com\/dlpage\/gaoptout?hl=de<\/a><\/p><p>Weitere Informationen zur <strong>Datenverarbeitung durch Google<\/strong> finden Sie in der Datenschutzerkl\u00e4rung von Google:<br \/>\ud83d\udd17 <a href=\"https:\/\/policies.google.com\/privacy\" target=\"_new\" rel=\"noopener\">https:\/\/policies.google.com\/privacy<\/a><\/p>\t\t\t\t\t\t\t\t<\/div>\n\t\t\t\t<\/div>\n\t\t\t\t<div class=\"elementor-element elementor-element-07a12f9 elementor-widget elementor-widget-heading\" data-id=\"07a12f9\" data-element_type=\"widget\" data-e-type=\"widget\" data-widget_type=\"heading.default\">\n\t\t\t\t<div class=\"elementor-widget-container\">\n\t\t\t\t\t<h4 class=\"elementor-heading-title elementor-size-default\">7.4 Verwendung des Google Tag Managers<\/h4>\t\t\t\t<\/div>\n\t\t\t\t<\/div>\n\t\t\t\t<div class=\"elementor-element elementor-element-6ff8608 elementor-widget elementor-widget-text-editor\" data-id=\"6ff8608\" data-element_type=\"widget\" data-e-type=\"widget\" data-widget_type=\"text-editor.default\">\n\t\t\t\t<div class=\"elementor-widget-container\">\n\t\t\t\t\t\t\t\t\t<p class=\"\" data-start=\"283\" data-end=\"665\">Diese Website verwendet den <strong data-start=\"311\" data-end=\"333\">Google Tag Manager<\/strong> der Google LLC (USA). Der Google Tag Manager ist eine L\u00f6sung, mit der Website-Tags (wie Google Analytics) verwaltet und ausgel\u00f6st werden k\u00f6nnen. Der Google Tag Manager selbst erfasst keine personenbezogenen Daten. Allerdings sorgt er daf\u00fcr, dass andere Tags, wie z. B. Google Analytics, auf dieser Website ausgel\u00f6st werden k\u00f6nnen.<\/p><p class=\"\" data-start=\"667\" data-end=\"910\">Der Google Tag Manager greift dabei nicht direkt auf personenbezogene Daten zu, sondern \u00fcbertr\u00e4gt diese an die entsprechenden Tools, wie z. B. Google Analytics, die wiederum Cookies setzen und Daten \u00fcber die Nutzung der Website sammeln k\u00f6nnen.<\/p><p class=\"\" data-start=\"912\" data-end=\"1144\"><strong data-start=\"912\" data-end=\"938\">Weitere Informationen:<\/strong><br data-start=\"938\" data-end=\"941\" \/>Mehr Informationen zum Google Tag Manager und den Datenschutzbestimmungen von Google finden Sie in der <a target=\"_new\" rel=\"noopener\" data-start=\"1044\" data-end=\"1143\">Google Tag Manager Datenschutzerkl\u00e4rung<\/a>.<\/p>\t\t\t\t\t\t\t\t<\/div>\n\t\t\t\t<\/div>\n\t\t\t\t<div class=\"elementor-element elementor-element-ee6793d elementor-widget elementor-widget-heading\" data-id=\"ee6793d\" data-element_type=\"widget\" data-e-type=\"widget\" data-widget_type=\"heading.default\">\n\t\t\t\t<div class=\"elementor-widget-container\">\n\t\t\t\t\t<h3 class=\"elementor-heading-title elementor-size-default\">8. Kontaktm\u00f6glichkeiten<\/h3>\t\t\t\t<\/div>\n\t\t\t\t<\/div>\n\t\t\t\t<div class=\"elementor-element elementor-element-2c297ed elementor-widget elementor-widget-heading\" data-id=\"2c297ed\" data-element_type=\"widget\" data-e-type=\"widget\" data-widget_type=\"heading.default\">\n\t\t\t\t<div class=\"elementor-widget-container\">\n\t\t\t\t\t<h4 class=\"elementor-heading-title elementor-size-default\">8.1 Allgemeine Kontaktm\u00f6glichkeit<\/h4>\t\t\t\t<\/div>\n\t\t\t\t<\/div>\n\t\t\t\t<div class=\"elementor-element elementor-element-5240a34 elementor-widget elementor-widget-heading\" data-id=\"5240a34\" data-element_type=\"widget\" data-e-type=\"widget\" data-widget_type=\"heading.default\">\n\t\t\t\t<div class=\"elementor-widget-container\">\n\t\t\t\t\t<h5 class=\"elementor-heading-title elementor-size-default\">8.1.1 Umfang der Verarbeitung<\/h5>\t\t\t\t<\/div>\n\t\t\t\t<\/div>\n\t\t\t\t<div class=\"elementor-element elementor-element-13799ce elementor-widget elementor-widget-text-editor\" data-id=\"13799ce\" data-element_type=\"widget\" data-e-type=\"widget\" data-widget_type=\"text-editor.default\">\n\t\t\t\t<div class=\"elementor-widget-container\">\n\t\t\t\t\t\t\t\t\t<p>Wenn Sie mit uns Kontakt aufnehmen (z. B. per E-Mail oder per Telefon) verarbeiten wir personenbezogenen Daten von Ihnen.\u00a0<\/p><p>Im Rahmen der Kontaktaufnahme und Beantwortung Ihrer Anfrage verarbeiten wir folgende personenbezogene Daten von Ihnen:<\/p><ul><li>Bestandsdaten (z. B. Vor- und Nachname, Adresse)<\/li><li>Kontaktdaten (z. B. E-Mail-Adresse, Telefonnummer)<\/li><li>Meta- und Kommunikationsdaten (z. B. IP-Adresse)<\/li><li>Inhaltsdaten (z. B. eingegebene Textinhalte, Lichtbilder, Videos<\/li><\/ul>\t\t\t\t\t\t\t\t<\/div>\n\t\t\t\t<\/div>\n\t\t\t\t<div class=\"elementor-element elementor-element-edfd960 elementor-widget elementor-widget-heading\" data-id=\"edfd960\" data-element_type=\"widget\" data-e-type=\"widget\" data-widget_type=\"heading.default\">\n\t\t\t\t<div class=\"elementor-widget-container\">\n\t\t\t\t\t<h5 class=\"elementor-heading-title elementor-size-default\">8.1.2 Zweck der Verarbeitung<\/h5>\t\t\t\t<\/div>\n\t\t\t\t<\/div>\n\t\t\t\t<div class=\"elementor-element elementor-element-f4bebea elementor-widget elementor-widget-text-editor\" data-id=\"f4bebea\" data-element_type=\"widget\" data-e-type=\"widget\" data-widget_type=\"text-editor.default\">\n\t\t\t\t<div class=\"elementor-widget-container\">\n\t\t\t\t\t\t\t\t\t<p>Wir verarbeiten Ihre Daten zur Beantwortung Ihrer Anfrage sowie anderer daraus resultierende Sachverhalte.<\/p>\t\t\t\t\t\t\t\t<\/div>\n\t\t\t\t<\/div>\n\t\t\t\t<div class=\"elementor-element elementor-element-39d810e elementor-widget elementor-widget-heading\" data-id=\"39d810e\" data-element_type=\"widget\" data-e-type=\"widget\" data-widget_type=\"heading.default\">\n\t\t\t\t<div class=\"elementor-widget-container\">\n\t\t\t\t\t<h5 class=\"elementor-heading-title elementor-size-default\">8.1.2 Rechtsgrundlage<\/h5>\t\t\t\t<\/div>\n\t\t\t\t<\/div>\n\t\t\t\t<div class=\"elementor-element elementor-element-3a4c769 elementor-widget elementor-widget-text-editor\" data-id=\"3a4c769\" data-element_type=\"widget\" data-e-type=\"widget\" data-widget_type=\"text-editor.default\">\n\t\t\t\t<div class=\"elementor-widget-container\">\n\t\t\t\t\t\t\t\t\t<p>Wenn Ihre Anfrage im Zusammenhang mit vorvertraglichen Ma\u00dfnahmen oder mit einem bestehenden Vertrag mit uns beruht, ist die Rechtsgrundlage die Vertragserf\u00fcllung und Durchf\u00fchrung vorvertraglicher Ma\u00dfnahmen gem. Art. 6 Abs. 1 S. 1 lit. b) DSGVO.<\/p><p>Wenn Ihre Anfrage unabh\u00e4ngig von vorvertraglichen Ma\u00dfnahmen oder mit uns bestehenden Vertr\u00e4gen erfolgt, stellen unsere \u00fcberwiegenden berechtigten Interessen gem. Art. 6 Abs. 1 S. 1 lit. f) DSGVO die Rechtsgrundlage dar. Wir haben ein \u00fcberwiegendes berechtigtes Interesse daran, den Besuchern unserer Website eine M\u00f6glichkeit zu bieten, wodurch sie uns kontaktieren k\u00f6nnen.<\/p>\t\t\t\t\t\t\t\t<\/div>\n\t\t\t\t<\/div>\n\t\t\t\t<div class=\"elementor-element elementor-element-31515c1 elementor-widget elementor-widget-heading\" data-id=\"31515c1\" data-element_type=\"widget\" data-e-type=\"widget\" data-widget_type=\"heading.default\">\n\t\t\t\t<div class=\"elementor-widget-container\">\n\t\t\t\t\t<h5 class=\"elementor-heading-title elementor-size-default\">8.1.4 Speicherdauer<\/h5>\t\t\t\t<\/div>\n\t\t\t\t<\/div>\n\t\t\t\t<div class=\"elementor-element elementor-element-a46b69f elementor-widget elementor-widget-text-editor\" data-id=\"a46b69f\" data-element_type=\"widget\" data-e-type=\"widget\" data-widget_type=\"text-editor.default\">\n\t\t\t\t<div class=\"elementor-widget-container\">\n\t\t\t\t\t\t\t\t\t<p>Wir l\u00f6schen Ihre personenbezogenen Daten, sobald sie f\u00fcr die Erreichung des Zweckes der Erhebung nicht mehr erforderlich sind. Im Rahmen von Kontaktanfragen ist dies grunds\u00e4tzlich dann der Fall, wenn sich aus den Umst\u00e4nden ergibt, dass der konkrete Sachverhalt abschlie\u00dfend bearbeitet ist.<\/p>\t\t\t\t\t\t\t\t<\/div>\n\t\t\t\t<\/div>\n\t\t\t\t<div class=\"elementor-element elementor-element-f1f35a7 elementor-widget elementor-widget-heading\" data-id=\"f1f35a7\" data-element_type=\"widget\" data-e-type=\"widget\" data-widget_type=\"heading.default\">\n\t\t\t\t<div class=\"elementor-widget-container\">\n\t\t\t\t\t<h5 class=\"elementor-heading-title elementor-size-default\">8.1.5 Empf\u00e4nger personenbezogener Daten<\/h5>\t\t\t\t<\/div>\n\t\t\t\t<\/div>\n\t\t\t\t<div class=\"elementor-element elementor-element-acafb12 elementor-widget elementor-widget-text-editor\" data-id=\"acafb12\" data-element_type=\"widget\" data-e-type=\"widget\" data-widget_type=\"text-editor.default\">\n\t\t\t\t<div class=\"elementor-widget-container\">\n\t\t\t\t\t\t\t\t\t<p>Wir legen die oben genannten Daten f\u00fcr die hier dargestellte Verarbeitung keinen Empf\u00e4ngern offen.<\/p>\t\t\t\t\t\t\t\t<\/div>\n\t\t\t\t<\/div>\n\t\t\t\t<div class=\"elementor-element elementor-element-84fa45f elementor-widget elementor-widget-heading\" data-id=\"84fa45f\" data-element_type=\"widget\" data-e-type=\"widget\" data-widget_type=\"heading.default\">\n\t\t\t\t<div class=\"elementor-widget-container\">\n\t\t\t\t\t<h4 class=\"elementor-heading-title elementor-size-default\">8.2 Bewerbungen <\/h4>\t\t\t\t<\/div>\n\t\t\t\t<\/div>\n\t\t\t\t<div class=\"elementor-element elementor-element-21c21c5 elementor-widget elementor-widget-text-editor\" data-id=\"21c21c5\" data-element_type=\"widget\" data-e-type=\"widget\" data-widget_type=\"text-editor.default\">\n\t\t\t\t<div class=\"elementor-widget-container\">\n\t\t\t\t\t\t\t\t\t<p>Wir bieten Ihnen auf die M\u00f6glichkeit, sich auf Stellenangebote zu bewerben und uns online oder postalisch Ihre Bewerbung zukommen zu lassen.<\/p>\t\t\t\t\t\t\t\t<\/div>\n\t\t\t\t<\/div>\n\t\t\t\t<div class=\"elementor-element elementor-element-bc1c525 elementor-widget elementor-widget-heading\" data-id=\"bc1c525\" data-element_type=\"widget\" data-e-type=\"widget\" data-widget_type=\"heading.default\">\n\t\t\t\t<div class=\"elementor-widget-container\">\n\t\t\t\t\t<h5 class=\"elementor-heading-title elementor-size-default\">8.2.1 Verarbeitete Daten<\/h5>\t\t\t\t<\/div>\n\t\t\t\t<\/div>\n\t\t\t\t<div class=\"elementor-element elementor-element-6316e5e elementor-widget elementor-widget-text-editor\" data-id=\"6316e5e\" data-element_type=\"widget\" data-e-type=\"widget\" data-widget_type=\"text-editor.default\">\n\t\t\t\t<div class=\"elementor-widget-container\">\n\t\t\t\t\t\t\t\t\t<ul><li>Bestandsdaten (z. B. Vor- und Nachname, Adresse),\u00a0<\/li><li>Kontaktdaten (z. B. E-Mail-Adresse, Telefonnummer),\u00a0<\/li><li>Bewerbungsdaten (z. B. Anschreiben, Lebenslauf, Zeugnisse und sonstige Nachweise).<\/li><li>Besondere Kategorien personenbezogener Daten (z. B. Gesundheitsdaten, Schwerbehinderteneigenschaft, Daten \u00fcber die rassische und ethnische Herkunft).<\/li><\/ul>\t\t\t\t\t\t\t\t<\/div>\n\t\t\t\t<\/div>\n\t\t\t\t<div class=\"elementor-element elementor-element-80b1024 elementor-widget elementor-widget-heading\" data-id=\"80b1024\" data-element_type=\"widget\" data-e-type=\"widget\" data-widget_type=\"heading.default\">\n\t\t\t\t<div class=\"elementor-widget-container\">\n\t\t\t\t\t<h5 class=\"elementor-heading-title elementor-size-default\">8.2.2 Zweck der Verarbeitung<\/h5>\t\t\t\t<\/div>\n\t\t\t\t<\/div>\n\t\t\t\t<div class=\"elementor-element elementor-element-98f08ef elementor-widget elementor-widget-text-editor\" data-id=\"98f08ef\" data-element_type=\"widget\" data-e-type=\"widget\" data-widget_type=\"text-editor.default\">\n\t\t\t\t<div class=\"elementor-widget-container\">\n\t\t\t\t\t\t\t\t\t<p>Wir verarbeiten die Daten zur Durchf\u00fchrung des Bewerbungsverfahrens und Finden von geeigneten Bewerbern.<\/p>\t\t\t\t\t\t\t\t<\/div>\n\t\t\t\t<\/div>\n\t\t\t\t<div class=\"elementor-element elementor-element-b0e6ffd elementor-widget elementor-widget-heading\" data-id=\"b0e6ffd\" data-element_type=\"widget\" data-e-type=\"widget\" data-widget_type=\"heading.default\">\n\t\t\t\t<div class=\"elementor-widget-container\">\n\t\t\t\t\t<h5 class=\"elementor-heading-title elementor-size-default\">8.2.3 Rechtsgrundlage<\/h5>\t\t\t\t<\/div>\n\t\t\t\t<\/div>\n\t\t\t\t<div class=\"elementor-element elementor-element-a159645 elementor-widget elementor-widget-text-editor\" data-id=\"a159645\" data-element_type=\"widget\" data-e-type=\"widget\" data-widget_type=\"text-editor.default\">\n\t\t\t\t<div class=\"elementor-widget-container\">\n\t\t\t\t\t\t\t\t\t<ul><li>Vertragserf\u00fcllung und Durchf\u00fchrung vorvertraglicher Ma\u00dfnahmen (Art. 6 Abs. 1 S. 1 lit. b, Art. 88 Abs. 1 DS-GVO i. V. m. \u00a7 26 Abs. 1 BDSG (neu)).\u00a0<\/li><li>Einwilligung (Art. 6 Abs. 1 S. 1 lit. a DS-GV). Sofern wir Ihre Einwilligung einholen (z. B. f\u00fcr die Aufnahme in unseren Bewerberpool) stellt dies die Rechtsgrundlage f\u00fcr die Datenverarbeitung dar.\u00a0<\/li><\/ul><p>Sofern besondere Kategorien personenbezogener Daten verarbeitet werden, erfolgt die Verarbeitung auf den folgenden Grundlagen:<\/p><ul><li>Einwilligung (Art. 9 Abs. 2 lit a DS-GVO\u00a0<\/li><li>Gesundheitsvorsorge oder Arbeitsmedizin, Beurteilung der Arbeitsf\u00e4higkeit des Besch\u00e4ftigten, medizinische Diagnostik, Versorgung oder Behandlung im Gesundheits- oder Sozialbereich oder Verwaltung von Systemen und Diensten im Gesundheits- oder Sozialbereich (Art. 9 Abs. 2 lit. h DS-GVO)<\/li><li>Aus\u00fcbung der aus dem Arbeitsrecht und dem Recht der sozialen Sicherheit und des Sozialschutzes erwachsenden Rechte und Nachkommen der diesbez\u00fcglichen Pflichten durch den Verantwortlichen oder die betroffene Person (Art. 9 Abs. 2 lit. c DS-GVO).\u00a0<\/li><\/ul>\t\t\t\t\t\t\t\t<\/div>\n\t\t\t\t<\/div>\n\t\t\t\t<div class=\"elementor-element elementor-element-3b97605 elementor-widget elementor-widget-heading\" data-id=\"3b97605\" data-element_type=\"widget\" data-e-type=\"widget\" data-widget_type=\"heading.default\">\n\t\t\t\t<div class=\"elementor-widget-container\">\n\t\t\t\t\t<h5 class=\"elementor-heading-title elementor-size-default\">8.2.4 Speicherdauer<\/h5>\t\t\t\t<\/div>\n\t\t\t\t<\/div>\n\t\t\t\t<div class=\"elementor-element elementor-element-d5eb181 elementor-widget elementor-widget-text-editor\" data-id=\"d5eb181\" data-element_type=\"widget\" data-e-type=\"widget\" data-widget_type=\"text-editor.default\">\n\t\t\t\t<div class=\"elementor-widget-container\">\n\t\t\t\t\t\t\t\t\t<p>Sofern es nach Abschluss des Bewerbungsverfahren zur Begr\u00fcndung eines Besch\u00e4ftigungsverh\u00e4ltnisses kommt, erfolgt gegebenenfalls eine Weiterverarbeitung der zur Verf\u00fcgung gestellten personenbezogenen Daten. Andernfalls bewahren wir die Daten grunds\u00e4tzlich sechs Monate auf. Anschlie\u00dfend erfolgt eine datenschutzkonforme L\u00f6schung oder Entsorgung. Eine l\u00e4ngere Speicherung ist dann m\u00f6glich, wenn wir Sie nach Einholung Ihrer Einwilligung in unseren Bewerberpool aufnehmen.<\/p>\t\t\t\t\t\t\t\t<\/div>\n\t\t\t\t<\/div>\n\t\t\t\t<div class=\"elementor-element elementor-element-2aa7948 elementor-widget elementor-widget-heading\" data-id=\"2aa7948\" data-element_type=\"widget\" data-e-type=\"widget\" data-widget_type=\"heading.default\">\n\t\t\t\t<div class=\"elementor-widget-container\">\n\t\t\t\t\t<h3 class=\"elementor-heading-title elementor-size-default\">9. Ihre Rechte<\/h3>\t\t\t\t<\/div>\n\t\t\t\t<\/div>\n\t\t\t\t<div class=\"elementor-element elementor-element-7f54f68 elementor-widget elementor-widget-text-editor\" data-id=\"7f54f68\" data-element_type=\"widget\" data-e-type=\"widget\" data-widget_type=\"text-editor.default\">\n\t\t\t\t<div class=\"elementor-widget-container\">\n\t\t\t\t\t\t\t\t\t<p>jeweils genannten Rechts finden Sie in dem entsprechenden Artikel der Datenschutzgrundverordnung (DSGVO). Wenn Sie eines Ihrer Rechte aus\u00fcben wollen, kontaktieren Sie uns bitte via E-Mail (dsb@secjur.com).<\/p>\t\t\t\t\t\t\t\t<\/div>\n\t\t\t\t<\/div>\n\t\t\t\t<div class=\"elementor-element elementor-element-cc55a37 elementor-widget elementor-widget-heading\" data-id=\"cc55a37\" data-element_type=\"widget\" data-e-type=\"widget\" data-widget_type=\"heading.default\">\n\t\t\t\t<div class=\"elementor-widget-container\">\n\t\t\t\t\t<h4 class=\"elementor-heading-title elementor-size-default\">9.1 Recht auf Best\u00e4tigung<\/h4>\t\t\t\t<\/div>\n\t\t\t\t<\/div>\n\t\t\t\t<div class=\"elementor-element elementor-element-0b4c37c elementor-widget elementor-widget-text-editor\" data-id=\"0b4c37c\" data-element_type=\"widget\" data-e-type=\"widget\" data-widget_type=\"text-editor.default\">\n\t\t\t\t<div class=\"elementor-widget-container\">\n\t\t\t\t\t\t\t\t\t<p>Sie haben das Recht, von uns eine Best\u00e4tigung dar\u00fcber zu verlangen, ob Sie betreffende personenbezogene Daten von uns verarbeitet werden.<\/p>\t\t\t\t\t\t\t\t<\/div>\n\t\t\t\t<\/div>\n\t\t\t\t<div class=\"elementor-element elementor-element-5292ea8 elementor-widget elementor-widget-heading\" data-id=\"5292ea8\" data-element_type=\"widget\" data-e-type=\"widget\" data-widget_type=\"heading.default\">\n\t\t\t\t<div class=\"elementor-widget-container\">\n\t\t\t\t\t<h4 class=\"elementor-heading-title elementor-size-default\">9.2 Auskunft (Art. 15 DSGVO)<\/h4>\t\t\t\t<\/div>\n\t\t\t\t<\/div>\n\t\t\t\t<div class=\"elementor-element elementor-element-5f60612 elementor-widget elementor-widget-text-editor\" data-id=\"5f60612\" data-element_type=\"widget\" data-e-type=\"widget\" data-widget_type=\"text-editor.default\">\n\t\t\t\t<div class=\"elementor-widget-container\">\n\t\t\t\t\t\t\t\t\t<p>Sie haben das Recht, jederzeit von uns unentgeltliche Auskunft \u00fcber die zu Ihrer Person gespeicherten personenbezogenen Daten sowie eine Kopie dieser Daten nach Ma\u00dfgabe der gesetzlichen Bestimmungen zu erhalten.<\/p>\t\t\t\t\t\t\t\t<\/div>\n\t\t\t\t<\/div>\n\t\t\t\t<div class=\"elementor-element elementor-element-4107ebf elementor-widget elementor-widget-heading\" data-id=\"4107ebf\" data-element_type=\"widget\" data-e-type=\"widget\" data-widget_type=\"heading.default\">\n\t\t\t\t<div class=\"elementor-widget-container\">\n\t\t\t\t\t<h4 class=\"elementor-heading-title elementor-size-default\">9.3 Berichtigung (Art. 16 DSGVO) <\/h4>\t\t\t\t<\/div>\n\t\t\t\t<\/div>\n\t\t\t\t<div class=\"elementor-element elementor-element-798ef8a elementor-widget elementor-widget-text-editor\" data-id=\"798ef8a\" data-element_type=\"widget\" data-e-type=\"widget\" data-widget_type=\"text-editor.default\">\n\t\t\t\t<div class=\"elementor-widget-container\">\n\t\t\t\t\t\t\t\t\t<p>Sie haben das Recht, die Berichtigung Sie betreffender unrichtiger personenbezogener Daten zu verlangen. Ferner steht Ihnen das Recht zu, unter Ber\u00fccksichtigung der Zwecke der Verarbeitung, die Vervollst\u00e4ndigung unvollst\u00e4ndiger personenbezogener Daten zu verlangen.<\/p>\t\t\t\t\t\t\t\t<\/div>\n\t\t\t\t<\/div>\n\t\t\t\t<div class=\"elementor-element elementor-element-16cc96f elementor-widget elementor-widget-heading\" data-id=\"16cc96f\" data-element_type=\"widget\" data-e-type=\"widget\" data-widget_type=\"heading.default\">\n\t\t\t\t<div class=\"elementor-widget-container\">\n\t\t\t\t\t<h5 class=\"elementor-heading-title elementor-size-default\">9.4 L\u00f6schung (Art. 17 DSGVO)<\/h5>\t\t\t\t<\/div>\n\t\t\t\t<\/div>\n\t\t\t\t<div class=\"elementor-element elementor-element-b53a273 elementor-widget elementor-widget-text-editor\" data-id=\"b53a273\" data-element_type=\"widget\" data-e-type=\"widget\" data-widget_type=\"text-editor.default\">\n\t\t\t\t<div class=\"elementor-widget-container\">\n\t\t\t\t\t\t\t\t\t<p>Sie haben das Recht, von uns zu verlangen, dass personenbezogenen Daten, die sie betreffen, unverz\u00fcglich gel\u00f6scht werden, wenn einer der gesetzlich vorgesehenen Gr\u00fcnde zutrifft und soweit die Verarbeitung bzw. Speicherung nicht erforderlich ist.<\/p>\t\t\t\t\t\t\t\t<\/div>\n\t\t\t\t<\/div>\n\t\t\t\t<div class=\"elementor-element elementor-element-318438d elementor-widget elementor-widget-heading\" data-id=\"318438d\" data-element_type=\"widget\" data-e-type=\"widget\" data-widget_type=\"heading.default\">\n\t\t\t\t<div class=\"elementor-widget-container\">\n\t\t\t\t\t<h5 class=\"elementor-heading-title elementor-size-default\">9.5 Einschr\u00e4nkung der Verarbeitung (Art. 18 DSGVO) <\/h5>\t\t\t\t<\/div>\n\t\t\t\t<\/div>\n\t\t\t\t<div class=\"elementor-element elementor-element-4ddb2b4 elementor-widget elementor-widget-text-editor\" data-id=\"4ddb2b4\" data-element_type=\"widget\" data-e-type=\"widget\" data-widget_type=\"text-editor.default\">\n\t\t\t\t<div class=\"elementor-widget-container\">\n\t\t\t\t\t\t\t\t\t<p>Sie haben das Recht, von uns die Einschr\u00e4nkung der Verarbeitung zu verlangen, wenn eine der gesetzlichen Voraussetzungen gegeben ist.<\/p>\t\t\t\t\t\t\t\t<\/div>\n\t\t\t\t<\/div>\n\t\t\t\t<div class=\"elementor-element elementor-element-bf45052 elementor-widget elementor-widget-heading\" data-id=\"bf45052\" data-element_type=\"widget\" data-e-type=\"widget\" data-widget_type=\"heading.default\">\n\t\t\t\t<div class=\"elementor-widget-container\">\n\t\t\t\t\t<h5 class=\"elementor-heading-title elementor-size-default\">9.6 Daten\u00fcbertragbarkeit (Art. 20 DSGVO)<\/h5>\t\t\t\t<\/div>\n\t\t\t\t<\/div>\n\t\t\t\t<div class=\"elementor-element elementor-element-7b3c51a elementor-widget elementor-widget-text-editor\" data-id=\"7b3c51a\" data-element_type=\"widget\" data-e-type=\"widget\" data-widget_type=\"text-editor.default\">\n\t\t\t\t<div class=\"elementor-widget-container\">\n\t\t\t\t\t\t\t\t\t<p>Sie haben das Recht, die Sie betreffenden personenbezogenen Daten, die Sie uns bereitgestellt haben, in einem strukturierten, g\u00e4ngigen und maschinenlesbaren Format zu erhalten. Weiterhin haben Sie das Recht, diese Daten einem anderen Verantwortlichen ohne Behinderung durch uns, dem die personenbezogenen Daten bereitgestellt wurden, zu \u00fcbermitteln, sofern die Verarbeitung auf der Einwilligung gem. Art. 6 Abs. 1 S. 1 lit. a) DSGVO oder Art. 9 Abs. 2 lit. a) DSGVO oder auf einem Vertrag gem. Art. 6 Abs. 1 S. 1 lit. b) DSGVO beruht und die Verarbeitung mithilfe automatisierter Verfahren erfolgt, sofern die Verarbeitung nicht f\u00fcr die Wahrnehmung einer Aufgabe erforderlich ist, die im \u00f6ffentlichen Interesse liegt oder in Aus\u00fcbung \u00f6ffentlicher Gewalt erfolgt, welche uns \u00fcbertragen wurde.<\/p><p>Zudem haben Sie bei der Aus\u00fcbung Ihres Rechts auf Daten\u00fcbertragbarkeit gem. Art. 20 Abs. 1 DSGVO das Recht, zu erwirken, dass die personenbezogenen Daten direkt von einem Verantwortlichen an einen anderen Verantwortlichen \u00fcbermittelt werden, soweit dies technisch machbar ist und sofern hiervon nicht die Rechte und Freiheiten anderer Personen beeintr\u00e4chtigt werden.<\/p>\t\t\t\t\t\t\t\t<\/div>\n\t\t\t\t<\/div>\n\t\t\t\t<div class=\"elementor-element elementor-element-6c71dfe elementor-widget elementor-widget-heading\" data-id=\"6c71dfe\" data-element_type=\"widget\" data-e-type=\"widget\" data-widget_type=\"heading.default\">\n\t\t\t\t<div class=\"elementor-widget-container\">\n\t\t\t\t\t<h5 class=\"elementor-heading-title elementor-size-default\">9.7 Widerspruch (Art. 21 DSGVO)<\/h5>\t\t\t\t<\/div>\n\t\t\t\t<\/div>\n\t\t\t\t<div class=\"elementor-element elementor-element-374ce14 elementor-widget elementor-widget-text-editor\" data-id=\"374ce14\" data-element_type=\"widget\" data-e-type=\"widget\" data-widget_type=\"text-editor.default\">\n\t\t\t\t<div class=\"elementor-widget-container\">\n\t\t\t\t\t\t\t\t\t<p><strong>Sie haben das Recht, aus Gr\u00fcnden, die sich aus Ihrer besonderen Situation ergeben, jederzeit gegen die Verarbeitung Sie betreffender personenbezogener Daten, die aufgrund einer Datenverarbeitung im \u00f6ffentlichen Interesse gem. Art. 6 Abs. 1 S. 1 lit. e) DSGVO oder auf Grundlage unseres berechtigten Interesses gem.\u00a0 Art. 6 Abs. 1 S. 1 lit. f) DSGVO erfolgt, Widerspruch einzulegen<\/strong>.<\/p><p>Legen Sie Widerspruch ein, werden wir Ihre personenbezogenen Daten nicht mehr verarbeiten, es sei denn, wir k\u00f6nnen zwingende berechtigte Gr\u00fcnde f\u00fcr die Verarbeitung nachweisen, die Ihre Interessen, Rechte und Freiheiten \u00fcberwiegen, oder die Verarbeitung dient der Geltendmachung, Aus\u00fcbung oder Verteidigung von Rechtsanspr\u00fcchen.<\/p>\t\t\t\t\t\t\t\t<\/div>\n\t\t\t\t<\/div>\n\t\t\t\t<div class=\"elementor-element elementor-element-f727b6a elementor-widget elementor-widget-heading\" data-id=\"f727b6a\" data-element_type=\"widget\" data-e-type=\"widget\" data-widget_type=\"heading.default\">\n\t\t\t\t<div class=\"elementor-widget-container\">\n\t\t\t\t\t<h5 class=\"elementor-heading-title elementor-size-default\">9.8 Widerruf einer datenschutzrechtlichen Einwilligung<\/h5>\t\t\t\t<\/div>\n\t\t\t\t<\/div>\n\t\t\t\t<div class=\"elementor-element elementor-element-23920e1 elementor-widget elementor-widget-text-editor\" data-id=\"23920e1\" data-element_type=\"widget\" data-e-type=\"widget\" data-widget_type=\"text-editor.default\">\n\t\t\t\t<div class=\"elementor-widget-container\">\n\t\t\t\t\t\t\t\t\t<p>Sie haben das Recht, Ihre Einwilligung zur Verarbeitung personenbezogener Daten jederzeit mit Wirkung f\u00fcr die Zukunft zu widerrufen.<\/p>\t\t\t\t\t\t\t\t<\/div>\n\t\t\t\t<\/div>\n\t\t\t\t<div class=\"elementor-element elementor-element-fbffbe8 elementor-widget elementor-widget-heading\" data-id=\"fbffbe8\" data-element_type=\"widget\" data-e-type=\"widget\" data-widget_type=\"heading.default\">\n\t\t\t\t<div class=\"elementor-widget-container\">\n\t\t\t\t\t<h5 class=\"elementor-heading-title elementor-size-default\">9.9 Beschwerde bei einer Aufsichtsbeh\u00f6rde<\/h5>\t\t\t\t<\/div>\n\t\t\t\t<\/div>\n\t\t\t\t<div class=\"elementor-element elementor-element-7d2a4d1 elementor-widget elementor-widget-text-editor\" data-id=\"7d2a4d1\" data-element_type=\"widget\" data-e-type=\"widget\" data-widget_type=\"text-editor.default\">\n\t\t\t\t<div class=\"elementor-widget-container\">\n\t\t\t\t\t\t\t\t\t<p>Sie haben das Recht, sich bei einer f\u00fcr Datenschutz zust\u00e4ndigen Aufsichtsbeh\u00f6rde \u00fcber unsere Verarbeitung personenbezogener Daten zu beschweren.<\/p>\t\t\t\t\t\t\t\t<\/div>\n\t\t\t\t<\/div>\n\t\t\t\t<div class=\"elementor-element elementor-element-514282a elementor-widget elementor-widget-heading\" data-id=\"514282a\" data-element_type=\"widget\" data-e-type=\"widget\" data-widget_type=\"heading.default\">\n\t\t\t\t<div class=\"elementor-widget-container\">\n\t\t\t\t\t<h3 class=\"elementor-heading-title elementor-size-default\">10. Technische und organisatorische Ma\u00dfnahmen<\/h3>\t\t\t\t<\/div>\n\t\t\t\t<\/div>\n\t\t\t\t<div class=\"elementor-element elementor-element-67d8bdd elementor-widget elementor-widget-text-editor\" data-id=\"67d8bdd\" data-element_type=\"widget\" data-e-type=\"widget\" data-widget_type=\"text-editor.default\">\n\t\t\t\t<div class=\"elementor-widget-container\">\n\t\t\t\t\t\t\t\t\t<p>Zum Schutz Ihrer personenbezogenen Daten haben wir umfangreiche technische und organisatorische Ma\u00dfnahmen ergriffen, die den aktuellen gesetzlichen Anforderungen entsprechen. Diese Ma\u00dfnahmen dienen dazu, die Sicherheit Ihrer Daten zu gew\u00e4hrleisten und diese vor unbefugtem Zugriff, Verlust oder Missbrauch zu sch\u00fctzen.<\/p><p>Zu den von uns implementierten Ma\u00dfnahmen geh\u00f6ren unter anderem:<\/p><p>Zugriffskontrollen: Beschr\u00e4nkung des Zugriffs auf personenbezogene Daten auf befugte Mitarbeiter, die diese Informationen zur Erf\u00fcllung ihrer Aufgaben ben\u00f6tigen.<\/p><p>Datenverschl\u00fcsselung: Einsatz von Verschl\u00fcsselungstechnologien zum Schutz sensibler Daten w\u00e4hrend der \u00dcbertragung und Speicherung.<\/p><p>Sicherheitsprotokolle: Regelm\u00e4\u00dfige \u00dcberpr\u00fcfung unserer Sicherheitsma\u00dfnahmen und Anpassung an technologische Entwicklungen.<\/p><p>Datensicherung: Regelm\u00e4\u00dfige Backups zur Wiederherstellung von Daten bei technischen Vorf\u00e4llen.<\/p><p>Schulung der Mitarbeiter: Sensibilisierung und Schulung unserer Mitarbeiter im Umgang mit personenbezogenen Daten und in der Einhaltung von Datenschutzrichtlinien.<\/p><p>Diese Ma\u00dfnahmen werden regelm\u00e4\u00dfig \u00fcberpr\u00fcft und verbessert, um den bestm\u00f6glichen Schutz Ihrer Daten zu gew\u00e4hrleisten. Sollten Sie Fragen zu unseren Sicherheitsma\u00dfnahmen haben, k\u00f6nnen Sie sich jederzeit an uns oder unseren Datenschutzbeauftragten wenden.<\/p>\t\t\t\t\t\t\t\t<\/div>\n\t\t\t\t<\/div>\n\t\t\t\t<div class=\"elementor-element elementor-element-b5a5e47 elementor-widget elementor-widget-heading\" data-id=\"b5a5e47\" data-element_type=\"widget\" data-e-type=\"widget\" data-widget_type=\"heading.default\">\n\t\t\t\t<div class=\"elementor-widget-container\">\n\t\t\t\t\t<h3 class=\"elementor-heading-title elementor-size-default\">11. Aktualit\u00e4t und \u00c4nderungen der Datenschutzhinweise<\/h3>\t\t\t\t<\/div>\n\t\t\t\t<\/div>\n\t\t\t\t<div class=\"elementor-element elementor-element-1e76d89 elementor-widget elementor-widget-text-editor\" data-id=\"1e76d89\" data-element_type=\"widget\" data-e-type=\"widget\" data-widget_type=\"text-editor.default\">\n\t\t\t\t<div class=\"elementor-widget-container\">\n\t\t\t\t\t\t\t\t\t<p>Diese Datenschutzhinweise sind aktuell g\u00fcltig und hat den folgenden Stand: M\u00e4rz 2023.<\/p><p>Wenn wir unsere Webseite und unsere Angebote weiterentwickeln oder sich gesetzliche oder beh\u00f6rdliche Vorgaben \u00e4ndern, kann es notwendig sein, diese Datenschutzhinweise zu \u00e4ndern. Die jeweils aktuellen Datenschutzhinweise k\u00f6nnen Sie jederzeit hier abrufen.<\/p>\t\t\t\t\t\t\t\t<\/div>\n\t\t\t\t<\/div>\n\t\t\t\t<\/div>\n\t\t\t\t\t<\/details>\n\t\t\t\t\t<\/div>\n\t\t\t\t\t\t<\/div>\n\t\t\t\t<\/div>\n\t\t\t\t<\/div>\n\t\t<div data-particle_enable=\"false\" data-particle-mobile-disabled=\"false\" class=\"elementor-element elementor-element-43ff5b8 e-con-full e-flex e-con e-child\" data-id=\"43ff5b8\" data-element_type=\"container\" data-e-type=\"container\">\n\t\t\t\t<div class=\"elementor-element elementor-element-befff5d elementor-widget elementor-widget-n-accordion\" data-id=\"befff5d\" data-element_type=\"widget\" data-e-type=\"widget\" data-settings=\"{&quot;default_state&quot;:&quot;all_collapsed&quot;,&quot;max_items_expended&quot;:&quot;one&quot;,&quot;n_accordion_animation_duration&quot;:{&quot;unit&quot;:&quot;ms&quot;,&quot;size&quot;:400,&quot;sizes&quot;:[]}}\" data-widget_type=\"nested-accordion.default\">\n\t\t\t\t<div class=\"elementor-widget-container\">\n\t\t\t\t\t\t\t<div class=\"e-n-accordion\" aria-label=\"Accordion. Open links with Enter or Space, close with Escape, and navigate with Arrow Keys\">\n\t\t\t\t\t\t<details id=\"e-n-accordion-item-2000\" class=\"e-n-accordion-item\" >\n\t\t\t\t<summary class=\"e-n-accordion-item-title\" data-accordion-index=\"1\" tabindex=\"0\" aria-expanded=\"false\" aria-controls=\"e-n-accordion-item-2000\" >\n\t\t\t\t\t<span class='e-n-accordion-item-title-header'><div class=\"e-n-accordion-item-title-text\"> ACADEMY <\/div><\/span>\n\t\t\t\t\t\t\t<span class='e-n-accordion-item-title-icon'>\n\t\t\t<span class='e-opened' ><svg aria-hidden=\"true\" class=\"e-font-icon-svg e-fas-minus\" viewbox=\"0 0 448 512\" xmlns=\"http:\/\/www.w3.org\/2000\/svg\"><path d=\"M416 208H32c-17.67 0-32 14.33-32 32v32c0 17.67 14.33 32 32 32h384c17.67 0 32-14.33 32-32v-32c0-17.67-14.33-32-32-32z\"><\/path><\/svg><\/span>\n\t\t\t<span class='e-closed'><svg aria-hidden=\"true\" class=\"e-font-icon-svg e-fas-plus\" viewbox=\"0 0 448 512\" xmlns=\"http:\/\/www.w3.org\/2000\/svg\"><path d=\"M416 208H272V64c0-17.67-14.33-32-32-32h-32c-17.67 0-32 14.33-32 32v144H32c-17.67 0-32 14.33-32 32v32c0 17.67 14.33 32 32 32h144v144c0 17.67 14.33 32 32 32h32c17.67 0 32-14.33 32-32V304h144c17.67 0 32-14.33 32-32v-32c0-17.67-14.33-32-32-32z\"><\/path><\/svg><\/span>\n\t\t<\/span>\n\n\t\t\t\t\t\t<\/summary>\n\t\t\t\t<div data-particle_enable=\"false\" data-particle-mobile-disabled=\"false\" role=\"region\" aria-labelledby=\"e-n-accordion-item-2000\" class=\"elementor-element elementor-element-a1ade10 e-con-full e-flex e-con e-child\" data-id=\"a1ade10\" data-element_type=\"container\" data-e-type=\"container\">\n\t\t\t\t<div class=\"elementor-element elementor-element-843d375 elementor-widget elementor-widget-heading\" data-id=\"843d375\" data-element_type=\"widget\" data-e-type=\"widget\" data-widget_type=\"heading.default\">\n\t\t\t\t<div class=\"elementor-widget-container\">\n\t\t\t\t\t<h3 class=\"elementor-heading-title elementor-size-default\">Einleitung<\/h3>\t\t\t\t<\/div>\n\t\t\t\t<\/div>\n\t\t<div data-particle_enable=\"false\" data-particle-mobile-disabled=\"false\" role=\"region\" aria-labelledby=\"e-n-accordion-item-2000\" class=\"elementor-element elementor-element-59a2259 e-flex e-con-boxed e-con e-child\" data-id=\"59a2259\" data-element_type=\"container\" data-e-type=\"container\">\n\t\t\t\t\t<div class=\"e-con-inner\">\n\t\t\t\t<div class=\"elementor-element elementor-element-cf1c80f elementor-widget elementor-widget-text-editor\" data-id=\"cf1c80f\" data-element_type=\"widget\" data-e-type=\"widget\" data-widget_type=\"text-editor.default\">\n\t\t\t\t<div class=\"elementor-widget-container\">\n\t\t\t\t\t\t\t\t\t<p>Der Datenschutz und die Privatsph\u00e4re der Nutzer unserer Lernplattform \u201eAriana Academy\u201c sind uns ein besonderes Anliegen. Wir verpflichten uns daher, Ihre personenbezogenen Daten zu sch\u00fctzen und nur im Einklang mit der Datenschutz-Grundverordnung (DS-GVO) sowie den nationalen Datenschutzvorschriften zu erheben, zu verarbeiten und zu nutzen. In der nachfolgenden Datenschutzerkl\u00e4rung wird erl\u00e4utert, welche Ihrer personenbezogenen Daten auf unserer Lernplattform erhoben werden und wie diese Daten verwendet werden. Unsere Datenschutz-erkl\u00e4rung wird entsprechend den rechtlichen und technischen Anforderungen regel-m\u00e4\u00dfig aktualisiert. Bitte beachten Sie daher die jeweils aktuelle Fassung unserer Datenschutzerkl\u00e4rung.<br \/>Die nachfolgenden Datenschutzbestimmungen gelten ausschlie\u00dflich f\u00fcr die Lernplattform \u201eAriana Academy\u201c auf der Website:\u00a0\u00a0\u00a0 https:\/\/arianacustomer.knowledgeanywhere.com\/signin.<\/p>\t\t\t\t\t\t\t\t<\/div>\n\t\t\t\t<\/div>\n\t\t\t\t\t<\/div>\n\t\t\t\t<\/div>\n\t\t\t\t<div class=\"elementor-element elementor-element-7ad68fc elementor-widget elementor-widget-heading\" data-id=\"7ad68fc\" data-element_type=\"widget\" data-e-type=\"widget\" data-widget_type=\"heading.default\">\n\t\t\t\t<div class=\"elementor-widget-container\">\n\t\t\t\t\t<h3 class=\"elementor-heading-title elementor-size-default\">I. Name und Anschrift des Verantwortlichen und Datenschutzbeauftragten<\/h3>\t\t\t\t<\/div>\n\t\t\t\t<\/div>\n\t\t\t\t<div class=\"elementor-element elementor-element-adf01b6 elementor-widget elementor-widget-text-editor\" data-id=\"adf01b6\" data-element_type=\"widget\" data-e-type=\"widget\" data-widget_type=\"text-editor.default\">\n\t\t\t\t<div class=\"elementor-widget-container\">\n\t\t\t\t\t\t\t\t\t<p>Der Verantwortliche im Sinne der Datenschutz-Grundverordnung und anderer nationaler Datenschutzgesetze sowie sonstiger datenschutzrechtlicher Bestimmungen ist die:<\/p><p>Ariana Holding GmbH<br \/>Unterer M\u00fchlweg 10<br \/>D-93133 Burglengenfeld<\/p><p>Name und Anschrift des Datenschutzbeauftragten:<\/p><p>Niklas Hanitsch<br \/>secjur GmbH<br \/>Steinh\u00f6ft 9<br \/>20459 Hamburg<br \/>Telefon: +49 40 228 599 520<br \/>E-Mail: dsb@secjur.com<br \/>Website: <a href=\"http:\/\/www.secjur.com\">www.secjur.com<\/a><\/p><p>Sie k\u00f6nnen sich jederzeit bei allen Fragen und Anregungen zum Datenschutz sowie zur Aus\u00fcbung Ihrer Rechte direkt an unseren Datenschutzbeauftragten wenden.<\/p>\t\t\t\t\t\t\t\t<\/div>\n\t\t\t\t<\/div>\n\t\t\t\t<div class=\"elementor-element elementor-element-d46d71a elementor-widget elementor-widget-heading\" data-id=\"d46d71a\" data-element_type=\"widget\" data-e-type=\"widget\" data-widget_type=\"heading.default\">\n\t\t\t\t<div class=\"elementor-widget-container\">\n\t\t\t\t\t<h3 class=\"elementor-heading-title elementor-size-default\">II. Allgemeines zur Datenverarbeitung<\/h3>\t\t\t\t<\/div>\n\t\t\t\t<\/div>\n\t\t\t\t<div class=\"elementor-element elementor-element-c88f7da elementor-widget elementor-widget-text-editor\" data-id=\"c88f7da\" data-element_type=\"widget\" data-e-type=\"widget\" data-widget_type=\"text-editor.default\">\n\t\t\t\t<div class=\"elementor-widget-container\">\n\t\t\t\t\t\t\t\t\t<ol><li><em> Umfang der Verarbeitung personenbezogener Daten<\/em><br \/>Ihre personenbezogenen Daten werden grunds\u00e4tzlich nur verarbeitet, soweit dies zur Bereitstellung einer funktionsf\u00e4higen Lernplattform sowie unserer Inhalte und Leistungen erforderlich ist. Die Verarbeitung erfolgt regelm\u00e4\u00dfig nur nach Ihrer Einwilligung, es sei denn eine vorherige Einholung einer Einwilligung ist aus tats\u00e4chlichen Gr\u00fcnden nicht m\u00f6glich und die Verarbeitung der Daten ist durch gesetzliche Vorschriften gestattet.<\/li><\/ol><p><em>\u00a0<\/em><\/p><ol start=\"2\"><li><em> Rechtsgrundlage f\u00fcr die Verarbeitung personenbezogener Daten<\/em><br \/>Als Rechtsgrundlagen f\u00fcr die Verarbeitung personenbezogener Daten dienen uns die in Art. 6 Abs. 1 DS-GVO normierten Tatbest\u00e4nde wie folgt:<br \/>1. Art. 6 Abs. 1 lit. a DS-GVO, sofern wir f\u00fcr Verarbeitungsvorg\u00e4nge personenbezogener Daten eine Einwilligung der betroffenen Person einholen.<br \/>2. Art. 6 Abs. 1 lit. b DS-GVO, sofern die Verarbeitung von personenbezogenen Daten zur Erf\u00fcllung eines Vertrages, dessen Vertragspartei die betroffene Person ist, erforderlich ist. Dies gilt auch f\u00fcr Verarbeitungsvorg\u00e4nge, die zur Durchf\u00fchrung vorvertraglicher Ma\u00dfnahmen erforderlich sind.<br \/>3. Art. 6 Abs. 1 lit. c DS-GVO, sofern eine Verarbeitung personenbezogener Daten zur Erf\u00fcllung einer rechtlichen Verpflichtung, der unser Unternehmen unterliegt, erforderlich ist.<br \/>4. Art. 6 Abs. 1 lit. d DS-GVO, sofern lebenswichtige Interessen der betroffenen Person oder einer anderen nat\u00fcrlichen Person eine Verarbeitung personenbezogener Daten erforderlich machen.<br \/>5. Art. 6 Abs. 1 lit. f DS-GVO, sofern die Verarbeitung zur Wahrung eines berechtigten Interesses unseres Unternehmens oder eines Dritten erforderlich ist und dies die Interessen, Grundrechte und Grundfreiheiten des Betroffenen \u00fcberwiegt.<\/li><li><em> Datenl\u00f6schung und Speicherdauer<\/em><br \/>Sobald der Zweck der Speicherung entf\u00e4llt, werden Ihre personenbezogenen Daten gel\u00f6scht oder gesperrt bzw. anonymisiert. Sieht der europ\u00e4ische oder nationale Gesetzgeber in unionsrechtlichen Verordnungen, Gesetzen oder sonstigen Vorschriften, denen der Verantwortliche unterliegt, eine Speicherung \u00fcber den Zweck hinaus vor, so kann diese bis zum Ablauf der durch die genannten Normen vorgeschriebenen Speicherfrist erfolgen. Im Anschluss erfolgt eine Sperrung oder L\u00f6schung der Daten, es sei denn, dass eine Erforderlichkeit zur weiteren Speicherung der Daten f\u00fcr einen Vertragsabschluss oder eine Vertragserf\u00fcllung besteht.<\/li><\/ol>\t\t\t\t\t\t\t\t<\/div>\n\t\t\t\t<\/div>\n\t\t\t\t<div class=\"elementor-element elementor-element-01ceafa elementor-widget elementor-widget-heading\" data-id=\"01ceafa\" data-element_type=\"widget\" data-e-type=\"widget\" data-widget_type=\"heading.default\">\n\t\t\t\t<div class=\"elementor-widget-container\">\n\t\t\t\t\t<h3 class=\"elementor-heading-title elementor-size-default\">III. Datenverarbeitung bei der Registrierung auf der Lernplattform, f\u00fcr die Teilnahme an E-Learnings oder Online-Schulungen<\/h3>\t\t\t\t<\/div>\n\t\t\t\t<\/div>\n\t\t\t\t<div class=\"elementor-element elementor-element-ea8c90f elementor-widget elementor-widget-text-editor\" data-id=\"ea8c90f\" data-element_type=\"widget\" data-e-type=\"widget\" data-widget_type=\"text-editor.default\">\n\t\t\t\t<div class=\"elementor-widget-container\">\n\t\t\t\t\t\t\t\t\t<ol><li><em> Umfang der Datenverarbeitung<\/em><br \/>Wenn wir mit Ihnen oder Ihrem Arbeitgeber eine vertragliche Vereinbarung hinsichtlich Ihrer Teilnahme an einem E-Learning oder an einer Online-Schulung der Ariana Academy treffen, \u00fcbermitteln Sie oder Ihr Arbeitgeber uns von Ihnen folgende personenbezogenen Daten:<br \/>a) Vor- und Nachname der teilnehmenden Mitarbeiter<br \/>b) E-Mail-Adresse der teilnehmenden Mitarbeiter<\/li><li>c) Adressdaten der Firma Auf Basis dieser Information senden wir Ihnen, an die uns \u00fcbermittelte E-Mail-Adresse, Ihr individuelles Start-Passwort f\u00fcr den Login bei der Ariana Academy. Zus\u00e4tzlich erhalten Sie von der Ariana Academy Lernplattform eine automatische generierte E-Mail mit Ihrem spezifischen Best\u00e4tigungscode und dem Weblink zur Anmeldung auf der Lernplattform. Im Rahmen der Online-Schulungen und E-Learnings wird Ihnen Wissen zu verschiedenen Themen vermittelt. Bei den E-Learnings gibt es abschlie\u00dfend einen Wissenstest, bei dem Sie unter mehreren m\u00f6glichen Antwortm\u00f6glichkeiten die Richtige(n) ausw\u00e4hlen m\u00fcssen. Nach Beendigung des Wissenstests wird anhand Ihrer Antworten ermittelt, ob Sie die Schulung (das E-Learning) bestanden haben. Bei erfolgreichem Bestehen k\u00f6nnen Sie sich selbst bei dem Kurs durch einen Klick auf den Button \u201eZertifikat anzeigen\u201c Ihr Teilnahmezertifikat herunterladen, welches die erfolgreiche Teilnahme best\u00e4tigt.\u00a0 Nach der vollst\u00e4ndigen Teilnahme an einer Online-Schulung wird Ihre Teilnahme durch einen Mitarbeiter der Ariana als erfolgreich markiert, so dass Sie auch dann die M\u00f6glichkeit haben, sich selbst Ihr Zertifikat herunterzuladen. Sie haben die M\u00f6glichkeit E-Learnings und Online-Schulungen \u00fcber die Lernplattform \u00fcber PayPal zu erwerben. Alternativ k\u00f6nnen Sie die von uns angebotenen Leistungen vorab auch per Rechnung begleichen, in diesem Fall ben\u00f6tigen wir von Ihnen oder Ihrem Arbeitgeber folgende erforderliche Daten:\u00a0 Rechnungsadresse und ggf. Angabe der Firma.<\/li><\/ol><ol start=\"2\"><li><em> Zweck der Datenverarbeitung<\/em><br \/>Der Zweck der Verarbeitung Ihrer personenbezogenen Daten besteht darin, die E-Learnings und Online-Schulungen der Ariana Academy zu erwerben und durchzuf\u00fchren.<\/li><li><em> Rechtsgrundlage f\u00fcr die Datenverarbeitung<\/em><br \/>F\u00fcr die vor\u00fcbergehende Speicherung Ihrer personenbezogenen Daten stellt Art. 6 Abs. 1 lit. f DS-GVO die notwendige Rechtsgrundlage dar. Unser berechtigtes Interesse besteht darin, unsere Vertragspflichten gegen\u00fcber Ihnen oder Ihrem Arbeitgeber zu erf\u00fcllen. Durch die Verarbeitung Ihrer personenbezogenen Daten sind wir in der Lage, Ihnen einen individuellen Zugang zur Lernplattform Ariana Academy zu erm\u00f6glichen. Der individuelle Zugang erschwert einen Missbrauch unseres Angebots durch Unbefugte. Die Verarbeitung Ihrer im Rahmen der E-Learnings gegebenen Antworten ist notwendig, um zu ermitteln, ob Sie die Schulung erfolgreich bestanden haben und ob wir Ihnen hierf\u00fcr ein Teilnahme Zertifikat zusenden k\u00f6nnen.<\/li><li><em> Datenl\u00f6schung und Speicherdauer<\/em><br \/>Sofern die Datenerhebung zur Erreichung des Zwecks nicht mehr notwendig ist, werden die Daten gesperrt bzw. anonymisiert. Wir speichern Ihre personenbezogenen Daten f\u00fcr den gesamten Zeitraum der Kursdauer und dar\u00fcber hinaus, die Aufbewahrungsdauer ist abh\u00e4ngig davon, ob Sie als Privatperson\/Kunde registriert sind oder \u00fcber Ihren Arbeitgeber. Die Kursdauer betr\u00e4gt ein Jahr ab Kauf bzw. dem mit Ihrem Arbeitgeber vereinbarten Zeitpunkt. Hat Ihr Arbeitgeber einen Vertrag mit uns geschlossen, so werden Ihre Daten 6 Monate nach Vertragsende gesperrt bzw. anonymisiert. Sofern Ihr Arbeitgeber den mit uns geschlossenen Vertrag verl\u00e4ngert, speichern wir Ihre personenbezogenen Daten ebenfalls f\u00fcr den gesamten Verl\u00e4ngerungszeitraum.\u00a0\u00a0\u00a0\u00a0\u00a0\u00a0\u00a0\u00a0\u00a0\u00a0\u00a0\u00a0\u00a0\u00a0\u00a0\u00a0\u00a0\u00a0\u00a0\u00a0\u00a0\u00a0\u00a0\u00a0\u00a0\u00a0\u00a0\u00a0\u00a0 Haben Sie sich als Privatperson\/Kunde registriert, gilt das Prinzip der Zweckbindung, und Ihre Daten werden im Anschluss an die Kursdauer (12 Monate) f\u00fcr weitere 12 Monate gespeichert, damit sie jederzeit die M\u00f6glichkeit haben, die Lernplattform langfristig zu nutzen, ohne sich neu registrieren zu m\u00fcssen.<\/li><\/ol>\t\t\t\t\t\t\t\t<\/div>\n\t\t\t\t<\/div>\n\t\t\t\t<div class=\"elementor-element elementor-element-270cd52 elementor-widget elementor-widget-heading\" data-id=\"270cd52\" data-element_type=\"widget\" data-e-type=\"widget\" data-widget_type=\"heading.default\">\n\t\t\t\t<div class=\"elementor-widget-container\">\n\t\t\t\t\t<h3 class=\"elementor-heading-title elementor-size-default\">IV. Bereitstellung der Website und Erstellung von Logfiles<\/h3>\t\t\t\t<\/div>\n\t\t\t\t<\/div>\n\t\t\t\t<div class=\"elementor-element elementor-element-48a2a6c elementor-widget elementor-widget-text-editor\" data-id=\"48a2a6c\" data-element_type=\"widget\" data-e-type=\"widget\" data-widget_type=\"text-editor.default\">\n\t\t\t\t<div class=\"elementor-widget-container\">\n\t\t\t\t\t\t\t\t\t<ol><li><em> Beschreibung und Umfang der Datenverarbeitung<\/em><br \/>Unser System erfasst bei jedem Aufruf unserer Internetseiten automatisiert Daten und Informationen vom Computersystem des aufrufenden Rechners. Hierbei werden folgende Daten erhoben:<br \/>a) Die Nutzer-IP-Adresse<br \/>b) Datum und Uhrzeit des Zugriffs<br \/>c) Ihren Internet-Provider<br \/>d) Informationen \u00fcber den Zugriffsbrowsertyp und die verwendete Version<br \/>e) Ihr Betriebssystem<br \/>f) Websites, von denen Ihr System auf unsere Internetseite gelangt<br \/>g) Websites, die von Ihrem System \u00fcber unsere Website aufgerufen werden<br \/>Diese Daten werden au\u00dferdem in den Logfiles unseres Systems gespeichert. Hierbei findet eine Speicherung dieser Daten zusammen mit Ihren anderen personenbezogenen Daten nicht statt.<\/li><li><em>Rechtsgrundlage f\u00fcr die Datenverarbeitung<\/em><br \/>F\u00fcr die vor\u00fcbergehende Speicherung der Daten und der Logfiles stellt Art. 6 Abs. 1 lit. f DS-GVO die notwendige Rechtsgrundlage dar.<\/li><li><em> Zweck der Datenverarbeitung<\/em><br \/>Die Bereitstellung der Website an Ihren Rechner ben\u00f6tigt die vor\u00fcbergehende Speicherung der IP-Adresse durch das System. Hierf\u00fcr muss Ihre IP-Adresse f\u00fcr die Dauer der Sitzung gespeichert bleiben.<br \/>Zur Sicherstellung der Funktionsf\u00e4higkeit der Website und Sicherheit unserer IT-Systeme sowie zur Optimierung der Website erfolgt die Speicherung dieser Daten in Logfiles. In diesem Zusammenhang findet keine Auswertung der Daten zu Zwecken des Marketings statt.<br \/>Ebenso stellen diese Zwecke unser berechtigtes Interesse an der Datenverarbeitung nach Art. 6 Abs. 1 lit. f DS-GVO dar.<\/li><li><em> Dauer der Speicherung<\/em><br \/>Sofern die Datenerhebung zur Erreichung des Zwecks nicht mehr notwendig ist, werden die Daten gel\u00f6scht. Bei der Datenerfassung zur Bereitstellung der Website geschieht dies zum jeweiligen Sitzungsende.<br \/>Sofern die Daten in Logfiles gespeichert werden, werden diese sp\u00e4testens nach sieben Tagen gel\u00f6scht.<br \/>Auch dar\u00fcberhinausgehende Speicherung kann m\u00f6glich sein. Hierf\u00fcr werden die Nutzer-IP-Adressen gel\u00f6scht oder verfremdet, um eine Zuordnung zum aufrufenden Client nicht mehr zu erm\u00f6glichen.<\/li><li><em> Widerspruchs- und Beseitigungsm\u00f6glichkeit<\/em><br \/>Es besteht f\u00fcr Sie keine M\u00f6glichkeit zum Widerspruch, da die Datenerfassung und -speicherung in Logfiles f\u00fcr Bereitstellung und Betrieb der Website\/Lernplattform zwingend erforderlich sind.\u00a0<\/li><\/ol>\t\t\t\t\t\t\t\t<\/div>\n\t\t\t\t<\/div>\n\t\t\t\t<div class=\"elementor-element elementor-element-85f0b48 elementor-widget elementor-widget-heading\" data-id=\"85f0b48\" data-element_type=\"widget\" data-e-type=\"widget\" data-widget_type=\"heading.default\">\n\t\t\t\t<div class=\"elementor-widget-container\">\n\t\t\t\t\t<h4 class=\"elementor-heading-title elementor-size-default\">V. Weitergabe Ihrer Daten an Dritte<\/h4>\t\t\t\t<\/div>\n\t\t\t\t<\/div>\n\t\t\t\t<div class=\"elementor-element elementor-element-1aafb0d elementor-widget elementor-widget-text-editor\" data-id=\"1aafb0d\" data-element_type=\"widget\" data-e-type=\"widget\" data-widget_type=\"text-editor.default\">\n\t\t\t\t<div class=\"elementor-widget-container\">\n\t\t\t\t\t\t\t\t\t<p>Damit wir unsere Website\/Lernplattform f\u00fcr Sie als Nutzer so angenehm und komfortabel wie m\u00f6glich gestalten k\u00f6nnen, setzen wir Dienste externer Dienstleister ein. Die Lernplattform selber wird von unserer Schwesternfirma Knowledge Anywhere bereitgestellt. Nachfolgend haben Sie die M\u00f6glichkeit, sich \u00fcber die Datenschutzbestimmungen zum Einsatz und Verwendung der eingesetzten Dienste und Funktionen zu informieren, um eventuell auch bei diesen Dienstleistern Ihre Rechte wahrzunehmen.<\/p><p><em>1. Knowledge Anywhere<\/em><\/p><p>Knowledge Anywhere ist ein Unternehmen, das sich auf die Bereitstellung von Lernmanagementl\u00f6sungen (LMS) und eLearning-Plattformen spezialisiert hat. Sie bieten eine Vielzahl von Tools und Inhalten, die Unternehmen dabei unterst\u00fctzen, Schulungen und Weiterbildungen f\u00fcr Mitarbeiter zu organisieren und durchzuf\u00fchren. Hauptsitz des Unternehmens ist in Bellingham, Washington, USA.<\/p><p>Durch die Nutzung von Knowledge Anywhere sind wir in der Lage, unsere E-Learning- und Online-Schulungs-Plattform Ariana Academy zu betreiben.<\/p><p>Die Rechenzentren\/Server befinden sich auf dem Festland der USA, die Daten werden in Amerika gespeichert. Die Daten werden in SQL-Datenbanken gespeichert und auf AWS-Servern S3 (Amazon Web Services) hochgeladen. Die Datenbankserver sind durch eine VPC (= Virtual Private Cloud) gesch\u00fctzt und verwenden zur Sicherheit eine Festplattenverschl\u00fcsselung.<\/p><p>Es werden folgende pers\u00f6nliche Daten gespeichert:<\/p><p>&#8211; Vorname, Nachname und E-Mail-Adresse.<\/p><p>&#8211; Adressdaten: Stra\u00dfe und Hausnummer, Stadt und Postleitzahl, Telefonnummer<\/p><p>&#8211; Andere gespeicherte personenbezogene Daten h\u00e4ngen von allen benutzer-definierten Benutzerprofilfeldern ab, die vom LMS-Kunden eingerichtet und verwendet werden.<\/p><p>&#8211; Es werden keine Kontoinformationen wie z.B. Kreditkartennummern gespeichert.<\/p><p>Knowledge Anywhere gibt keine pers\u00f6nlichen Nutzerdaten an Dritte weiter und wird diese auch nicht verkaufen. Nur wenn Daten f\u00fcr den LMS-Betrieb mit einer Drittanbieter-Integration ben\u00f6tigt werden (z.B. E-Commerce-Integrationen wie Recurly und PayPal), werden diese weitergegeben, aber nur die Datenpunkte, die absolut notwendig sind.<\/p><p>Auf der Lernplattform gibt es verschiedene m\u00f6gliche Funktionen, den Datenschutz betreffend:<\/p><p>Festgelegte Administratoren k\u00f6nnen spezifische Administrationsrechte zu den Lernenden erhalten, es gibt z.B. die M\u00f6glichkeit zur E-Mail-Abmeldung und die PII-Sichtbarkeit.<\/p><p>&#8211; Es besteht die M\u00f6glichkeit die Zufriedenheitsumfrage zu deaktivieren. Diese Option erscheint auch in den Einstellungen des Lernenden f\u00fcr sein Profil.<\/p><p>&#8211; E-Mail-Opt-Out: Hierdurch kann jegliche E-Mail-Kommunikation mit dem Lernenden, einschlie\u00dflich des Zur\u00fccksetzens von Passw\u00f6rtern per E-Mail, deaktiviert werden. Auch Lernende selber k\u00f6nnen sich von dem Erhalt von E-Mails (mit Ausnahme von Passwortzur\u00fccksetzungen) abmelden.<\/p><p>&#8211; PII aktiviert \u2192 PII steht f\u00fcr Personal Identifiable Information. Wenn diese Einstellung aktiviert ist, kann dieser Lernende (sofern ihm Administratorzugriff gew\u00e4hrt wird) den Vornamen, Nachnamen, die E-Mail-Adresse und weitere angegebenen Daten anderer Lernender sehen. Wenn diese Werte deaktiviert sind, werden sie maskiert und k\u00f6nnen beim Filtern nach Lernenden nicht verwendet werden.<\/p><p>Rechtsgrundlage f\u00fcr die oben beschriebene Verarbeitung personenbezogener Daten ist Art 6 Abs. 1 f) DS-GVO. Unser berechtigtes Interesse liegt in den gro\u00dfen Vorteilen, die uns Knowledge Anywhere bietet. Durch die Nutzung hiervon k\u00f6nnen wir unsere Lernplattform betreiben. <br \/>Das berechtigte Interesse von Knowledge Anywhere an der Verarbeitung Ihrer personenbezogenen Daten besteht darin, ihre eigenen Leistungen durchf\u00fchren zu k\u00f6nnen.<\/p><p>Wir haben mit Knowledge Anywhere eine Datenverarbeitungsvereinbarung geschlossen, um au\u00dferhalb der Europ\u00e4ischen Union ein angemessenes Datenschutzniveau zu gew\u00e4hrleisten: Data Processing Agreement (DPA). Auf Anfrage kann diese Vereinbarung eingesehen werden.<\/p><p>Weitere Informationen zur Datenverarbeitung sowie eine Opt-Out-M\u00f6glichkeit finden Sie in den Datenschutzhinweisen von Knowledge Anywhere:\u00a0 <a href=\"https:\/\/help.knowledgeanywhere.com\/knowledge-anywhere-lms-privacy-policy\">Knowledge Anywhere LMS Privacy Policy<\/a><\/p><p><em>2. Microsoft Teams<\/em><\/p><p>Die angebotenen Webinare laufen \u00fcber das Tool Microsoft Teams. Betreiber ist Microsoft Corporation in Redmond, Washington.<\/p><p>Wenn Sie an einem Webinar teilnehmen, geschieht dies \u00fcber den Webdienst Microsoft Teams und eine Verbindung zu den Servern von Microsoft wird hergestellt. Bei Nutzung von Teams wird Ihre E-Mail-Adresse und ihr Benutzername verwendet.\u00a0\u00a0 <br \/>Durch die Einbindung von Microsoft Teams auf unserer Seite verfolgen wir den Zweck, Ihnen Online-Schulungen \u00fcber die Website der Ariana Academy anbieten zu k\u00f6nnen. \u00a0\u00a0\u00a0\u00a0\u00a0\u00a0\u00a0\u00a0\u00a0\u00a0\u00a0\u00a0\u00a0\u00a0\u00a0\u00a0\u00a0\u00a0\u00a0\u00a0\u00a0\u00a0\u00a0\u00a0\u00a0\u00a0\u00a0\u00a0\u00a0\u00a0\u00a0\u00a0\u00a0\u00a0\u00a0\u00a0\u00a0\u00a0\u00a0\u00a0\u00a0\u00a0\u00a0\u00a0\u00a0\u00a0\u00a0\u00a0\u00a0\u00a0\u00a0\u00a0\u00a0\u00a0\u00a0\u00a0\u00a0\u00a0\u00a0\u00a0\u00a0\u00a0\u00a0\u00a0\u00a0\u00a0\u00a0\u00a0\u00a0\u00a0\u00a0\u00a0 \u00a0\u00a0\u00a0\u00a0\u00a0\u00a0\u00a0\u00a0\u00a0\u00a0\u00a0 Rechtsgrundlage f\u00fcr die oben beschriebene Verarbeitung personenbezogener Daten ist Art 6 Abs. 1 f) DS-GVO. Unser berechtigtes Interesse liegt in den gro\u00dfen Vorteilen, die uns Microsoft Teams bietet. Durch die Einbindung des Webdienstes k\u00f6nnen wir Online-Schulungen durchf\u00fchren. <br \/>Das berechtigte Interesse von Microsoft an der Verarbeitung Ihrer personenbezogenen Daten besteht darin, ihre eigenen Dienste zu verbessern.<\/p><p>Bei der Nutzung von Microsoft Teams k\u00f6nnen Daten in die USA \u00fcbertragen werden. Microsoft hat Rechenzentren in verschiedenen L\u00e4ndern, einschlie\u00dflich der USA, und einige Daten k\u00f6nnen dort verarbeitet oder gespeichert werden.<\/p><p>Allerdings hat Microsoft Ma\u00dfnahmen ergriffen, um die Datenschutzanforderungen zu erf\u00fcllen. Dazu geh\u00f6ren:<\/p><p>a) Compliance mit Datenschutzgesetzen: Microsoft erf\u00fcllt internationale Standards wie die Datenschutz-Grundverordnung (DSGVO) und hat Mechanismen eingerichtet, um sicherzustellen, dass Daten entsprechend den geltenden Gesetzen verarbeitet werden.<\/p><p>b) Datenverarbeitung: Microsoft bietet Vertragsklauseln und andere rechtliche Rahmenbedingungen an, um den Schutz der Daten bei \u00dcbertragungen zu gew\u00e4hrleisten.<\/p><p>c) Transparenz: Microsoft stellt Informationen \u00fcber die Datenverarbeitung und die Standorte der Rechenzentren bereit, um Nutzern Klarheit \u00fcber die Datenfl\u00fcsse zu geben.<\/p><p>Weitere Informationen zum Umgang mit Nutzerdaten durch Microsoft finden Sie in der Datenschutzerkl\u00e4rung von Microsoft: <a href=\"https:\/\/microsoft.com\/privacy\">https:\/\/microsoft.com\/privacy<\/a><\/p><p><em>3. PayPal<\/em><\/p><p>Durch die Integrierung von PayPal in unsere Lernplattform besteht die M\u00f6glichkeit, E-Learnings oder Online-Schulungen bequem online zu vertreiben bzw. zu erwerben. Betreiber ist PayPal Incorporated mit Sitz in San Jos\u00e9, Kalifornien.<\/p><p>PayPal fungiert hier sowohl als Zahlungs-Gateway als auch als Zahlungsabwickler<\/p><p>a) Zahlungs-Gateway: PayPal erm\u00f6glicht es H\u00e4ndlern, Zahlungen online zu akzeptieren, indem es die Daten von Kreditkarten oder anderen Zahlungsmethoden sicher verarbeitet und \u00fcbertr\u00e4gt.<\/p><p>b) Zahlungsabwickler: PayPal k\u00fcmmert sich um die gesamte Abwicklung der Zahlung, einschlie\u00dflich der Autorisierung und der \u00dcberweisung der Gelder vom K\u00e4ufer zum Verk\u00e4ufer.<\/p><p>Durch die Einbindung von PayPal auf unserer Seite verfolgen wir den Zweck, Ihnen Online-Schulungen und E-Learnings \u00fcber die Lernplattform Ariana Academy verkaufen zu k\u00f6nnen. \u00a0\u00a0\u00a0\u00a0\u00a0\u00a0\u00a0\u00a0\u00a0\u00a0\u00a0\u00a0\u00a0\u00a0\u00a0\u00a0\u00a0\u00a0\u00a0\u00a0\u00a0\u00a0\u00a0\u00a0\u00a0\u00a0\u00a0\u00a0\u00a0\u00a0\u00a0\u00a0\u00a0\u00a0\u00a0\u00a0\u00a0\u00a0\u00a0\u00a0\u00a0\u00a0\u00a0\u00a0\u00a0\u00a0\u00a0\u00a0\u00a0\u00a0\u00a0\u00a0\u00a0\u00a0\u00a0\u00a0\u00a0\u00a0\u00a0\u00a0\u00a0\u00a0\u00a0\u00a0\u00a0\u00a0\u00a0\u00a0\u00a0\u00a0\u00a0\u00a0\u00a0\u00a0\u00a0\u00a0 Rechtsgrundlage f\u00fcr die oben beschriebene Verarbeitung personenbezogener Daten ist Art 6 Abs. 1 f) DS-GVO. Unser berechtigtes Interesse liegt in den gro\u00dfen Vorteilen, die uns PayPal bietet. Durch die Einbindung von PayPal k\u00f6nnen wir Online-Schulungen und E-Learnings \u00fcber die Lernplattform verkaufen.<br \/>Das berechtigte Interesse von PayPal an der Verarbeitung Ihrer personen-bezogenen Daten besteht darin, ihre Leistungen durchf\u00fchren zu k\u00f6nnen.<\/p><p>Bei der Nutzung von PayPal k\u00f6nnen Daten in die USA \u00fcbertragen werden. PayPal ist ein amerikanisches Unternehmen, und viele ihrer Server befinden sich dort. Daher kann es vorkommen, dass pers\u00f6nliche Daten, Transaktions-informationen und andere relevante Daten in die USA \u00fcbertragen und dort verarbeitet werden. PayPal hat jedoch Ma\u00dfnahmen ergriffen, um den Datenschutz zu gew\u00e4hrleisten, und h\u00e4lt sich an die geltenden Datenschutz-gesetze, einschlie\u00dflich der Datenschutz-Grundverordnung (DSGVO) in der EU. Weitere Informationen zum Umgang mit Nutzerdaten durch PayPal finden Sie in der Datenschutzerkl\u00e4rung von PayPal:<\/p><p><a href=\"https:\/\/www.paypal.com\/webapps\/mpp\/ua\/privacy-full\">https:\/\/www.paypal.com\/webapps\/mpp\/ua\/privacy-full<\/a><\/p>\t\t\t\t\t\t\t\t<\/div>\n\t\t\t\t<\/div>\n\t\t\t\t<div class=\"elementor-element elementor-element-7663ef1 elementor-widget elementor-widget-heading\" data-id=\"7663ef1\" data-element_type=\"widget\" data-e-type=\"widget\" data-widget_type=\"heading.default\">\n\t\t\t\t<div class=\"elementor-widget-container\">\n\t\t\t\t\t<h4 class=\"elementor-heading-title elementor-size-default\">VI. Rechte der betroffenen Person<\/h4>\t\t\t\t<\/div>\n\t\t\t\t<\/div>\n\t\t\t\t<div class=\"elementor-element elementor-element-1e04b23 elementor-widget elementor-widget-text-editor\" data-id=\"1e04b23\" data-element_type=\"widget\" data-e-type=\"widget\" data-widget_type=\"text-editor.default\">\n\t\t\t\t<div class=\"elementor-widget-container\">\n\t\t\t\t\t\t\t\t\t<p>Werden personenbezogene Daten von Ihnen verarbeitet, sind Sie Betroffener i. S. d. DS-GVO. Damit stehen Ihnen folgende Rechte gegen\u00fcber dem Verantwortlichen zu:<br \/>1. Auskunftsrecht<br \/>Sie k\u00f6nnen von dem Verantwortlichen eine Best\u00e4tigung dar\u00fcber verlangen, ob betreffende personenbezogene Daten von uns verarbeitet werden. Liegt eine solche Verarbeitung vor, k\u00f6nnen Sie von dem Verantwortlichen \u00fcber folgende Informationen Auskunft verlangen:<br \/>a) die Verarbeitungszwecke;<br \/>b) die Kategorien von personenbezogenen Daten, die verarbeitet werden;<br \/>c) die Empf\u00e4nger bzw. die Kategorien von Empf\u00e4ngern, gegen\u00fcber denen die Sie betreffenden personenbezogenen Daten offengelegt wurden oder noch offengelegt werden;<br \/>d) falls m\u00f6glich die geplante Dauer, f\u00fcr die Ihre personenbezogenen Daten gespeichert werden, oder, falls dies nicht m\u00f6glich ist, die Kriterien f\u00fcr die Festlegung dieser Dauer;<br \/>e) das Bestehen eines Rechts auf Berichtigung oder L\u00f6schung der Sie betreffenden<br \/>personenbezogenen Daten oder auf Einschr\u00e4nkung der Verarbeitung durch den<br \/>Verantwortlichen oder eines Widerspruchsrechts gegen diese Verarbeitung;<br \/>f) das Bestehen eines Beschwerderechts bei einer Aufsichtsbeh\u00f6rde;<br \/>g) wenn die personenbezogenen Daten nicht bei der betroffenen Person erhoben werden, alle verf\u00fcgbaren Informationen \u00fcber die Herkunft der Daten;<br \/>h) das Bestehen einer automatisierten Entscheidungsfindung einschlie\u00dflich Profiling gem\u00e4\u00df Art. 22 Abs. 1 und 4 DS-GVO und &#8211; zumindest in diesen F\u00e4llen &#8211; aussagekr\u00e4ftige Informationen \u00fcber die involvierte Logik sowie die Tragweite und die angestrebten Auswirkungen einer derartigen Verarbeitung f\u00fcr die betroffene Person.<br \/>Ebenso k\u00f6nnen Sie Auskunft dar\u00fcber verlangen, ob eine \u00dcbermittlung der Sie betreffenden personenbezogenen Daten in ein Drittland oder an eine internationale Organisation stattfindet. Ist dies der Fall, so k\u00f6nnen Sie die Unterrichtung, \u00fcber die im Zusammenhang mit der \u00dcbermittlung stehenden, geeigneten Garantien gem\u00e4\u00df Art. 46 DS-GVO, verlangen.<br \/>2. Recht auf Berichtigung<br \/>Sie k\u00f6nnen von dem Verantwortlichen die Berichtigung der Sie betreffenden unrichtigen personenbezogenen Daten verlangen. Ebenso k\u00f6nnen Sie unter Ber\u00fccksichtigung der Zwecke der Verarbeitung, die Vervollst\u00e4ndigung unvollst\u00e4ndiger personenbezogener Daten &#8211; auch mittels einer erg\u00e4nzenden Erkl\u00e4rung &#8211; verlangen. Der Verantwortliche hat die begehrte Berichtigung unverz\u00fcglich vorzunehmen.<br \/>3. Recht auf L\u00f6schung (\u201eRecht auf Vergessenwerden\u201c)<br \/>Sie k\u00f6nnen von dem Verantwortlichen verlangen, dass die Sie betreffenden personenbezogenen Daten unverz\u00fcglich gel\u00f6scht werden und der Verantwortliche ist verpflichtet, diese Daten unverz\u00fcglich zu l\u00f6schen, sofern einer der folgenden Gr\u00fcnde zutrifft:<br \/>a) Ihre personenbezogenen Daten sind f\u00fcr die Zwecke, f\u00fcr die sie erhoben oder auf sonstige Weise verarbeitet wurden, nicht mehr notwendig.<br \/>b) Sie widerrufen Ihre Einwilligung, auf die sich die Verarbeitung gem. Art. 6 Abs. 1 lit. a oder Art. 9 Abs. 2 lit. a DS-GVO st\u00fctzte und es fehlt an einer anderweitigen Rechtsgrundlage f\u00fcr die Verarbeitung.<br \/>c) Sie legen gem\u00e4\u00df Art. 21 Abs. 1 DS-GVO Widerspruch gegen die Verarbeitung ein und es liegen keine vorrangigen berechtigten Gr\u00fcnde f\u00fcr die Verarbeitung vor oder Sie legen gem. Art. 21 Abs. 2 DS-GVO Widerspruch gegen die Verarbeitung ein.<br \/>d) Ihre personenbezogenen Daten wurden unrechtm\u00e4\u00dfig verarbeitet.<br \/>e) Die L\u00f6schung Ihrer personenbezogenen Daten ist zur Erf\u00fcllung einer rechtlichen Verpflichtung nach dem Unionsrecht oder dem Recht der Mitgliedstaaten erforderlich, dem der Verantwortliche unterliegt.<br \/>f) Ihre personenbezogenen Daten wurden in Bezug auf angebotene Dienste der<br \/>Informationsgesellschaft gem\u00e4\u00df Art. 8 Abs. 1 DS-GVO erhoben.<br \/>Hat der Verantwortliche die Sie betreffenden personenbezogenen Daten \u00f6ffentlich gemacht und ist er gem\u00e4\u00df Art. 17 Abs. 1 DS-GVO zu deren L\u00f6schung verpflichtet, so trifft er unter Ber\u00fccksichtigung der verf\u00fcgbaren Technologie und der Implementierungskosten angemessene Ma\u00dfnahmen, auch technischer Art, um f\u00fcr die Datenverarbeitung Verantwortliche, die die personenbezogenen Daten<br \/>verarbeiten, dar\u00fcber zu informieren, dass Sie als betroffene Person von ihnen die L\u00f6schung aller Links zu diesen personenbezogenen Daten oder von Kopien oder Replikationen dieser personenbezogenen Daten verlangt haben.<br \/>Das Recht auf L\u00f6schung besteht aber nicht, sofern die Verarbeitung nachfolgend erforderlich ist<br \/>a) zur Aus\u00fcbung des Rechts auf freie Meinungs\u00e4u\u00dferung und Information;<br \/>b) zur Erf\u00fcllung einer rechtlichen Verpflichtung, die die Verarbeitung nach dem Recht der Union oder der Mitgliedstaaten, dem der Verantwortliche unterliegt, erfordert oder zur Wahrnehmung einer Aufgabe, die im \u00f6ffentlichen Interesse liegt oder in Aus\u00fcbung \u00f6ffentlicher Gewalt erfolgt, die dem Verantwortlichen \u00fcbertragen wurde;<br \/>c) aus Gr\u00fcnden des \u00f6ffentlichen Interesses im Bereich der \u00f6ffentlichen Gesundheit gem\u00e4\u00df Art. 9 Abs. 2 lit. h und i sowie Art. 9 Abs. 3 DS-GVO;<br \/>d) f\u00fcr im \u00f6ffentlichen Interesse liegende Archivzwecke, wissenschaftliche oder historische Forschungszwecke oder f\u00fcr statistische Zwecke gem. Art. 89 Abs. 1 DS-GVO, soweit das oben beschriebene Recht zur L\u00f6schung voraussichtlich die Verwirklichung der Ziele dieser Verarbeitung unm\u00f6glich macht oder ernsthaft beeintr\u00e4chtigt oder<br \/>e) zur Geltendmachung, Aus\u00fcbung oder Verteidigung von Rechtsanspr\u00fcchen.\u00a0<\/p><p>4. Recht auf Einschr\u00e4nkung der Verarbeitung<br \/>Sie k\u00f6nnen von dem Verantwortlichen die Einschr\u00e4nkung der Verarbeitung Ihrer personenbezogenen Daten verlangen, wenn eine der folgenden Voraussetzungen vorliegt:<br \/>a) die Richtigkeit Ihrer personenbezogenen wurde von Ihnen bestritten, und zwar f\u00fcr eine Dauer, die es dem Verantwortlichen erm\u00f6glicht, die Richtigkeit Ihrer personenbezogenen Daten zu \u00fcberpr\u00fcfen;<br \/>b) die Verarbeitung ist unrechtm\u00e4\u00dfig und Sie lehnen die L\u00f6schung der personenbezogenen Daten ab und verlangen stattdessen die Einschr\u00e4nkung der Nutzung Ihrer personenbezogenen Daten;<br \/>c) der Verantwortliche ben\u00f6tigt Ihre personenbezogenen Daten f\u00fcr die Zwecke der Verarbeitung nicht l\u00e4nger, aber Sie ben\u00f6tigen diese jedoch zur Geltendmachung, Aus\u00fcbung oder Verteidigung von Rechtsanspr\u00fcchen, oder<br \/>d) Sie haben Widerspruch gegen die Verarbeitung gem\u00e4\u00df Art. 21 Abs. 1 DS-GVO eingelegt und es steht noch nicht fest, ob die berechtigten Gr\u00fcnde des Verantwortlichen gegen\u00fcber den Ihrigen \u00fcberwiegen.<br \/>Wurde die Verarbeitung Ihrer personenbezogenen Daten eingeschr\u00e4nkt, so d\u00fcrfen diese personenbezogenen Daten &#8211; von ihrer Speicherung abgesehen &#8211; nur mit Ihrer Einwilligung oder zur Geltendmachung, Aus\u00fcbung oder Verteidigung von Rechtsanspr\u00fcchen oder zum Schutz der Rechte einer anderen nat\u00fcrlichen oder juristischen Person oder aus Gr\u00fcnden eines wichtigen \u00f6ffentlichen Interesses der Union oder eines Mitgliedstaats verarbeitet werden.<br \/>Sofern Sie eine Einschr\u00e4nkung der Verarbeitung nach den oben genannten Voraussetzungen erwirkt haben, so werden Sie von dem Verantwortlichen unterrichtet, bevor die Einschr\u00e4nkung aufgehoben wird.<\/p><p>5. <span data-teams=\"true\">Recht auf Benachrichtigung<\/span><br \/>Sofern Sie die zuvor beschriebenen Rechte auf Berichtigung, L\u00f6schung oder Einschr\u00e4nkung der Verarbeitung gegen\u00fcber dem Verantwortlichen geltend gemacht haben, so hat dieser allen Empf\u00e4ngern, denen Ihre personenbezogenen Daten offengelegt wurden, diese Berichtigung oder L\u00f6schung der Daten oder Einschr\u00e4nkung der Verarbeitung mitzuteilen, es sei denn, dies erweist sich<br \/>als unm\u00f6glich oder ist mit einem unverh\u00e4ltnism\u00e4\u00dfigen Aufwand verbunden.<br \/>Auf Ihr Verlangen hat der Verantwortliche Ihnen diese Empf\u00e4nger mitzuteilen.\u00a0<\/p><p>6. Recht auf Unterrichtung<br \/>Sie haben das Recht, die Sie betreffenden personenbezogenen Daten, die Sie dem Verantwortlichen bereitgestellt haben, in einem strukturierten, g\u00e4ngigen und maschinenlesbaren Format zu erhalten.<br \/>Ebenso haben Sie das Recht diese Daten einem anderen Verantwortlichen ohne Behinderung durch den Verantwortlichen, dem die personenbezogenen Daten bereitgestellt wurden, zu \u00fcbermitteln, sofern<br \/>a) die Verarbeitung auf einer Einwilligung gem. Art. 6 Abs. 1 lit. a DS-GVO oder Art. 9 Abs. 2 lit. a DS-GVO oder auf einem Vertrag gem. Art. 6 Abs. 1 lit. b DS-GVO beruht und<br \/>b) die Verarbeitung mithilfe automatisierter Verfahren erfolgt.<br \/>Bei der Aus\u00fcbung dieses Rechts haben Sie ebenso das Recht zu erwirken, dass Ihre<br \/>personenbezogenen Daten direkt von einem Verantwortlichen einem anderen Verantwortlichen \u00fcbermittelt werden, soweit dies technisch machbar ist.<br \/>Das Recht auf Daten\u00fcbertragbarkeit gilt nicht f\u00fcr eine Verarbeitung personenbezogener Daten, die f\u00fcr die Wahrnehmung einer Aufgabe erforderlich ist, die im \u00f6ffentlichen Interesse liegt oder in Aus\u00fcbung \u00f6ffentlicher Gewalt erfolgt, die dem Verantwortlichen \u00fcbertragen wurde.<br \/>Ebenso d\u00fcrfen durch das Recht auf Daten\u00fcbertragbarkeit Rechte und Freiheiten anderer Personen nicht beeintr\u00e4chtigt werden.<\/p><p>7. Widerspruchsrecht<br \/>Sie haben das Recht, aus Gr\u00fcnden, die sich aus ihrer besonderen Situation ergeben, jederzeit gegen die Verarbeitung der Sie betreffenden personenbezogenen Daten, die aufgrund von Art. 6 Abs. 1 lit. e oder f DS-GVO erfolgt, Widerspruch einzulegen; dies gilt auch f\u00fcr ein auf diese Bestimmungen gest\u00fctztes Profiling.<br \/>Der Verantwortliche verarbeitet Ihre personenbezogenen Daten nicht mehr, es sei denn, er kann zwingende schutzw\u00fcrdige Gr\u00fcnde f\u00fcr die Verarbeitung nachweisen, die Ihre Interessen, Rechte und Freiheiten \u00fcberwiegen oder die Verarbeitung dient der Geltendmachung, Aus\u00fcbung oder Verteidigung von Rechtsanspr\u00fcchen.<br \/>Werden Ihre personenbezogenen Daten verarbeitet, um Direktwerbung zu betreiben, haben Sie das Recht, jederzeit Widerspruch gegen die Verarbeitung der Sie betreffenden personenbezogenen Daten zum Zwecke derartiger Werbung einzulegen; dies gilt auch f\u00fcr das Profiling, soweit es mit solcher Direktwerbung in Verbindung steht.<br \/>Widersprechen Sie der Verarbeitung f\u00fcr Zwecke der Direktwerbung, so werden Ihre<br \/>personenbezogenen Daten nicht mehr f\u00fcr diese Zwecke verarbeitet.<br \/>Im Zusammenhang mit der Nutzung von Diensten der Informationsgesellschaft k\u00f6nnen Sie ungeachtet der Richtlinie 2002\/58\/EG Ihr Widerspruchsrecht mittels automatisierter Verfahren aus\u00fcben, bei denen technische Spezifikationen verwendet werden.<\/p><p>8. Recht auf Widerruf der datenschutzrechtlichen Einwilligungserkl\u00e4rung<br \/>Sie k\u00f6nnen Ihre datenschutzrechtliche Einwilligungserkl\u00e4rung jederzeit widerrufen. Durch den Widerruf der Einwilligung wird die Rechtm\u00e4\u00dfigkeit der aufgrund der Einwilligung bis zum Widerruf erfolgten Verarbeitung nicht ber\u00fchrt.<\/p><p>9. Automatisierte Entscheidung im Einzelfall einschlie\u00dflich Profiling<br \/>Sie haben das Recht, nicht einer ausschlie\u00dflich auf einer automatisierten Verarbeitung \u2013 einschlie\u00dflich Profiling &#8211; beruhenden Entscheidung unterworfen zu werden, die Ihnen gegen\u00fcber rechtliche Wirkung entfaltet oder Sie in \u00e4hnlicher Weise erheblich beeintr\u00e4chtigt.<\/p><p>Dies gilt nicht, wenn die Entscheidung<br \/>a) f\u00fcr den Abschluss oder die Erf\u00fcllung eines Vertrags zwischen Ihnen und dem Verantwortlichen erforderlich ist,<br \/>b) aufgrund von Rechtsvorschriften der Union oder der Mitgliedstaaten, denen der Verantwortliche unterliegt, zul\u00e4ssig ist und diese Rechtsvorschriften angemessene Ma\u00dfnahmen zur Wahrung Ihrer Rechte und Freiheiten sowie Ihrer berechtigten Interessen enthalten oder<br \/>c) mit Ihrer ausdr\u00fccklichen Einwilligung erfolgt.<br \/>In den unter a) und c) genannten F\u00e4lle trifft der Verantwortliche angemessene Ma\u00dfnahmen, um Ihre Rechte und Freiheiten sowie Ihre berechtigten Interessen zu wahren, wozu mindestens das Recht auf Erwirkung des Eingreifens einer Person seitens des Verantwortlichen, auf Darlegung des eigenen Standpunkts und auf Anfechtung der Entscheidung geh\u00f6rt.<br \/>Die Entscheidungen nach a) bis c) d\u00fcrfen nicht auf besonderen Kategorien personenbezogener Daten nach Art. 9 Abs. 1 DS-GVO beruhen, sofern nicht Art. 9 Abs. 2 lit. a oder g DS-GVO gilt und angemessene Ma\u00dfnahmen zum Schutz Ihrer Rechte und Freiheiten sowie Ihrer berechtigten Interessen getroffen wurden.<\/p><p>10. Recht auf Beschwerde bei einer Aufsichtsbeh\u00f6rde<br \/>Sie haben unbeschadet eines anderweitigen verwaltungsrechtlichen oder gerichtlichen Rechtsbehelfs das Recht auf Beschwerde bei einer Aufsichtsbeh\u00f6rde, insbesondere in dem Mitgliedstaat ihres gew\u00f6hnlichen Aufenthaltsorts, ihres Arbeitsplatzes oder des Orts des mutma\u00dflichen Versto\u00dfes, wenn Sie der Ansicht sind, dass die Verarbeitung der Sie betreffenden personenbezogenen Daten gegen die DS-GVO verst\u00f6\u00dft.<br \/>Die Aufsichtsbeh\u00f6rde, bei der die Beschwerde eingereicht wurde, unterrichtet den Beschwerdef\u00fchrer \u00fcber den Stand und die Ergebnisse der Beschwerde einschlie\u00dflich der M\u00f6glichkeit eines gerichtlichen Rechtsbehelfs nach Art. 78 DS-GVO.<\/p>\t\t\t\t\t\t\t\t<\/div>\n\t\t\t\t<\/div>\n\t\t\t\t<div class=\"elementor-element elementor-element-4f086e0 elementor-widget elementor-widget-heading\" data-id=\"4f086e0\" data-element_type=\"widget\" data-e-type=\"widget\" data-widget_type=\"heading.default\">\n\t\t\t\t<div class=\"elementor-widget-container\">\n\t\t\t\t\t<h4 class=\"elementor-heading-title elementor-size-default\">VII. Aktualit\u00e4t der Datenschutzerkl\u00e4rung<\/h4>\t\t\t\t<\/div>\n\t\t\t\t<\/div>\n\t\t\t\t<div class=\"elementor-element elementor-element-d8ca5a4 elementor-widget elementor-widget-text-editor\" data-id=\"d8ca5a4\" data-element_type=\"widget\" data-e-type=\"widget\" data-widget_type=\"text-editor.default\">\n\t\t\t\t<div class=\"elementor-widget-container\">\n\t\t\t\t\t\t\t\t\t<p>Diese Datenschutzerkl\u00e4rung ist aktuell g\u00fcltig und hat den Stand: Dezember 2024.<br \/>Die Weiterentwicklung unserer Website und deren Angebote oder ge\u00e4nderte gesetzliche Bestimmungen, beziehungsweise ergangene Rechtsprechung beziehungsweise beh\u00f6rdliche Vorgaben k\u00f6nnen es erforderlich machen, diese Datenschutzerkl\u00e4rung zu \u00e4ndern.\u00a0<\/p>\t\t\t\t\t\t\t\t<\/div>\n\t\t\t\t<\/div>\n\t\t\t\t<\/div>\n\t\t\t\t\t<\/details>\n\t\t\t\t\t<\/div>\n\t\t\t\t\t\t<\/div>\n\t\t\t\t<\/div>\n\t\t\t\t<\/div>\n\t\t\t\t\t<\/div>\n\t\t\t\t<\/div>\n\t\t\t\t<\/div>","protected":false},"excerpt":{"rendered":"<p>Datenschutzerkl\u00e4rung Website Einleitung Wir freuen uns \u00fcber Ihr Interesse am Ariane Holding GmbH (nachfolgend \u201eWir\u201c, \u201eUns\u201c) und dar\u00fcber, dass Sie unsere Website besuchen. Mit den nachfolgend dargestellten Informationen geben wir Ihnen einen \u00dcberblick \u00fcber die Verarbeitung Ihrer personenbezogenen Daten auf unserer Webseite: ariana-holding.de (nachfolgend \u201eWebseite\u201c) sowie dazugeh\u00f6rige Online-Pr\u00e4senzen. Wir wollen Sie ebenfalls \u00fcber Ihre Rechte [&hellip;]<\/p>\n","protected":false},"author":1,"featured_media":0,"parent":0,"menu_order":7,"comment_status":"closed","ping_status":"closed","template":"","meta":{"_acf_changed":false,"footnotes":""},"class_list":["post-1074","page","type-page","status-publish","hentry"],"acf":[],"yoast_head":"<!-- This site is optimized with the Yoast SEO plugin v27.3 - https:\/\/yoast.com\/product\/yoast-seo-wordpress\/ -->\n<title>Datenschutzerkl\u00e4rung - Ariana Laboratories &amp; Consulting Group<\/title>\n<meta name=\"description\" content=\"ALCG \u2013 Ihre Experten f\u00fcr Lebensmittelsicherheit in Europa: Wir bieten Probenahme mit Abholservice, Laboranalysen, HACCP-Konzepte, Audits, Krisenmanagement und fachkundige Beratung \u2013 f\u00fcr h\u00f6chste Sicherheitsstandards.\" \/>\n<meta name=\"robots\" content=\"index, follow, max-snippet:-1, max-image-preview:large, max-video-preview:-1\" \/>\n<link rel=\"canonical\" href=\"https:\/\/alcg.eu\/en\/datenschutzerklarung\/\" \/>\n<meta property=\"og:locale\" content=\"en_GB\" \/>\n<meta property=\"og:type\" content=\"article\" \/>\n<meta property=\"og:title\" content=\"Datenschutzerkl\u00e4rung - Ariana Laboratories &amp; Consulting Group\" \/>\n<meta property=\"og:description\" content=\"ALCG \u2013 Ihre Experten f\u00fcr Lebensmittelsicherheit in Europa: Wir bieten Probenahme mit Abholservice, Laboranalysen, HACCP-Konzepte, Audits, Krisenmanagement und fachkundige Beratung \u2013 f\u00fcr h\u00f6chste Sicherheitsstandards.\" \/>\n<meta property=\"og:url\" content=\"https:\/\/alcg.eu\/en\/datenschutzerklarung\/\" \/>\n<meta property=\"og:site_name\" content=\"Ariana Laboratories &amp; Consulting Group\" \/>\n<meta property=\"article:modified_time\" content=\"2025-06-13T14:28:29+00:00\" \/>\n<meta name=\"twitter:card\" content=\"summary_large_image\" \/>\n<meta name=\"twitter:label1\" content=\"Estimated reading time\" \/>\n\t<meta name=\"twitter:data1\" content=\"67 minutes\" \/>\n<script type=\"application\/ld+json\" class=\"yoast-schema-graph\">{\"@context\":\"https:\\\/\\\/schema.org\",\"@graph\":[{\"@type\":\"WebPage\",\"@id\":\"https:\\\/\\\/alcg.eu\\\/datenschutzerklarung\\\/\",\"url\":\"https:\\\/\\\/alcg.eu\\\/datenschutzerklarung\\\/\",\"name\":\"Datenschutzerkl\u00e4rung - Ariana Laboratories &amp; Consulting Group\",\"isPartOf\":{\"@id\":\"https:\\\/\\\/alcg.eu\\\/#website\"},\"datePublished\":\"2024-09-17T13:02:02+00:00\",\"dateModified\":\"2025-06-13T14:28:29+00:00\",\"description\":\"ALCG \u2013 Ihre Experten f\u00fcr Lebensmittelsicherheit in Europa: Wir bieten Probenahme mit Abholservice, Laboranalysen, HACCP-Konzepte, Audits, Krisenmanagement und fachkundige Beratung \u2013 f\u00fcr h\u00f6chste Sicherheitsstandards.\",\"breadcrumb\":{\"@id\":\"https:\\\/\\\/alcg.eu\\\/datenschutzerklarung\\\/#breadcrumb\"},\"inLanguage\":\"en-GB\",\"potentialAction\":[{\"@type\":\"ReadAction\",\"target\":[\"https:\\\/\\\/alcg.eu\\\/datenschutzerklarung\\\/\"]}]},{\"@type\":\"BreadcrumbList\",\"@id\":\"https:\\\/\\\/alcg.eu\\\/datenschutzerklarung\\\/#breadcrumb\",\"itemListElement\":[{\"@type\":\"ListItem\",\"position\":1,\"name\":\"Home\",\"item\":\"https:\\\/\\\/alcg.eu\\\/\"},{\"@type\":\"ListItem\",\"position\":2,\"name\":\"Datenschutzerkl\u00e4rung\"}]},{\"@type\":\"WebSite\",\"@id\":\"https:\\\/\\\/alcg.eu\\\/#website\",\"url\":\"https:\\\/\\\/alcg.eu\\\/\",\"name\":\"Ariana Laboratories & Consulting Group\",\"description\":\"\",\"publisher\":{\"@id\":\"https:\\\/\\\/alcg.eu\\\/#organization\"},\"potentialAction\":[{\"@type\":\"SearchAction\",\"target\":{\"@type\":\"EntryPoint\",\"urlTemplate\":\"https:\\\/\\\/alcg.eu\\\/?s={search_term_string}\"},\"query-input\":{\"@type\":\"PropertyValueSpecification\",\"valueRequired\":true,\"valueName\":\"search_term_string\"}}],\"inLanguage\":\"en-GB\"},{\"@type\":\"Organization\",\"@id\":\"https:\\\/\\\/alcg.eu\\\/#organization\",\"name\":\"Ariana Laboratories & Consulting Group\",\"url\":\"https:\\\/\\\/alcg.eu\\\/\",\"logo\":{\"@type\":\"ImageObject\",\"inLanguage\":\"en-GB\",\"@id\":\"https:\\\/\\\/alcg.eu\\\/#\\\/schema\\\/logo\\\/image\\\/\",\"url\":\"https:\\\/\\\/alcg.eu\\\/wp-content\\\/uploads\\\/2024\\\/09\\\/Ariana_Logo_V03.svg\",\"contentUrl\":\"https:\\\/\\\/alcg.eu\\\/wp-content\\\/uploads\\\/2024\\\/09\\\/Ariana_Logo_V03.svg\",\"width\":317,\"height\":118,\"caption\":\"Ariana Laboratories & Consulting Group\"},\"image\":{\"@id\":\"https:\\\/\\\/alcg.eu\\\/#\\\/schema\\\/logo\\\/image\\\/\"},\"sameAs\":[\"https:\\\/\\\/www.linkedin.com\\\/company\\\/alcgeu\\\/?viewAsMember=true\"]}]}<\/script>\n<!-- \/ Yoast SEO plugin. -->","yoast_head_json":{"title":"Datenschutzerkl\u00e4rung - Ariana Laboratories &amp; Consulting Group","description":"ALCG \u2013 Ihre Experten f\u00fcr Lebensmittelsicherheit in Europa: Wir bieten Probenahme mit Abholservice, Laboranalysen, HACCP-Konzepte, Audits, Krisenmanagement und fachkundige Beratung \u2013 f\u00fcr h\u00f6chste Sicherheitsstandards.","robots":{"index":"index","follow":"follow","max-snippet":"max-snippet:-1","max-image-preview":"max-image-preview:large","max-video-preview":"max-video-preview:-1"},"canonical":"https:\/\/alcg.eu\/en\/datenschutzerklarung\/","og_locale":"en_GB","og_type":"article","og_title":"Datenschutzerkl\u00e4rung - Ariana Laboratories &amp; Consulting Group","og_description":"ALCG \u2013 Ihre Experten f\u00fcr Lebensmittelsicherheit in Europa: Wir bieten Probenahme mit Abholservice, Laboranalysen, HACCP-Konzepte, Audits, Krisenmanagement und fachkundige Beratung \u2013 f\u00fcr h\u00f6chste Sicherheitsstandards.","og_url":"https:\/\/alcg.eu\/en\/datenschutzerklarung\/","og_site_name":"Ariana Laboratories &amp; Consulting Group","article_modified_time":"2025-06-13T14:28:29+00:00","twitter_card":"summary_large_image","twitter_misc":{"Estimated reading time":"67 minutes"},"schema":{"@context":"https:\/\/schema.org","@graph":[{"@type":"WebPage","@id":"https:\/\/alcg.eu\/datenschutzerklarung\/","url":"https:\/\/alcg.eu\/datenschutzerklarung\/","name":"Datenschutzerkl\u00e4rung - Ariana Laboratories &amp; Consulting Group","isPartOf":{"@id":"https:\/\/alcg.eu\/#website"},"datePublished":"2024-09-17T13:02:02+00:00","dateModified":"2025-06-13T14:28:29+00:00","description":"ALCG \u2013 Ihre Experten f\u00fcr Lebensmittelsicherheit in Europa: Wir bieten Probenahme mit Abholservice, Laboranalysen, HACCP-Konzepte, Audits, Krisenmanagement und fachkundige Beratung \u2013 f\u00fcr h\u00f6chste Sicherheitsstandards.","breadcrumb":{"@id":"https:\/\/alcg.eu\/datenschutzerklarung\/#breadcrumb"},"inLanguage":"en-GB","potentialAction":[{"@type":"ReadAction","target":["https:\/\/alcg.eu\/datenschutzerklarung\/"]}]},{"@type":"BreadcrumbList","@id":"https:\/\/alcg.eu\/datenschutzerklarung\/#breadcrumb","itemListElement":[{"@type":"ListItem","position":1,"name":"Home","item":"https:\/\/alcg.eu\/"},{"@type":"ListItem","position":2,"name":"Datenschutzerkl\u00e4rung"}]},{"@type":"WebSite","@id":"https:\/\/alcg.eu\/#website","url":"https:\/\/alcg.eu\/","name":"Ariana Laboratories & Consulting Group","description":"","publisher":{"@id":"https:\/\/alcg.eu\/#organization"},"potentialAction":[{"@type":"SearchAction","target":{"@type":"EntryPoint","urlTemplate":"https:\/\/alcg.eu\/?s={search_term_string}"},"query-input":{"@type":"PropertyValueSpecification","valueRequired":true,"valueName":"search_term_string"}}],"inLanguage":"en-GB"},{"@type":"Organization","@id":"https:\/\/alcg.eu\/#organization","name":"Ariana Laboratories & Consulting Group","url":"https:\/\/alcg.eu\/","logo":{"@type":"ImageObject","inLanguage":"en-GB","@id":"https:\/\/alcg.eu\/#\/schema\/logo\/image\/","url":"https:\/\/alcg.eu\/wp-content\/uploads\/2024\/09\/Ariana_Logo_V03.svg","contentUrl":"https:\/\/alcg.eu\/wp-content\/uploads\/2024\/09\/Ariana_Logo_V03.svg","width":317,"height":118,"caption":"Ariana Laboratories & Consulting Group"},"image":{"@id":"https:\/\/alcg.eu\/#\/schema\/logo\/image\/"},"sameAs":["https:\/\/www.linkedin.com\/company\/alcgeu\/?viewAsMember=true"]}]}},"_links":{"self":[{"href":"https:\/\/alcg.eu\/en\/wp-json\/wp\/v2\/pages\/1074","targetHints":{"allow":["GET"]}}],"collection":[{"href":"https:\/\/alcg.eu\/en\/wp-json\/wp\/v2\/pages"}],"about":[{"href":"https:\/\/alcg.eu\/en\/wp-json\/wp\/v2\/types\/page"}],"author":[{"embeddable":true,"href":"https:\/\/alcg.eu\/en\/wp-json\/wp\/v2\/users\/1"}],"replies":[{"embeddable":true,"href":"https:\/\/alcg.eu\/en\/wp-json\/wp\/v2\/comments?post=1074"}],"version-history":[{"count":10,"href":"https:\/\/alcg.eu\/en\/wp-json\/wp\/v2\/pages\/1074\/revisions"}],"predecessor-version":[{"id":7405,"href":"https:\/\/alcg.eu\/en\/wp-json\/wp\/v2\/pages\/1074\/revisions\/7405"}],"wp:attachment":[{"href":"https:\/\/alcg.eu\/en\/wp-json\/wp\/v2\/media?parent=1074"}],"curies":[{"name":"wp","href":"https:\/\/api.w.org\/{rel}","templated":true}]}}